{"id":17363,"date":"2025-09-10T11:08:50","date_gmt":"2025-09-10T09:08:50","guid":{"rendered":"https:\/\/pensium.es\/?page_id=17363"},"modified":"2026-03-23T13:32:43","modified_gmt":"2026-03-23T11:32:43","slug":"qui-som","status":"publish","type":"page","link":"https:\/\/pensium.es\/ca\/qui-som\/","title":{"rendered":"Qui som"},"content":{"rendered":"<section class=\"wpb-content-wrapper\"><p>[vc_row full_width=&#8221;stretch_row&#8221; el_class=&#8221;row-centered-width no-margin-bottom&#8221; css=&#8221;.vc_custom_1753719510977{background-color: #fdeee7 !important;}&#8221;][vc_column][vc_empty_space height=&#8221;180px&#8221;][\/vc_column][\/vc_row][vc_row full_width=&#8221;stretch_row&#8221; el_class=&#8221;row-centered-width no-margin-bottom pago-de-residencia-banner-img-background quienes-title&#8221; css=&#8221;.vc_custom_1760003758796{background-image: url(https:\/\/pensium.es\/wp-content\/uploads\/2025\/08\/header-quienes-somos.jpg?id=17505) !important;background-position: center !important;background-repeat: no-repeat !important;background-size: cover !important;}&#8221;][vc_column width=&#8221;1\/6&#8243;][\/vc_column][vc_column width=&#8221;2\/3&#8243; el_class=&#8221;contenidor-centrat&#8221;][vc_empty_space height=&#8221;250px&#8221;][vc_column_text el_class=&#8221;text-lila interlletrat-espaiat&#8221;]<\/p>\n<h2><strong>Qu\u00e8 \u00e9s Pensium?<\/strong><\/h2>\n<p>[\/vc_column_text][vc_empty_space height=&#8221;20px&#8221;][\/vc_column][vc_column width=&#8221;1\/6&#8243;][\/vc_column][\/vc_row][vc_row full_width=&#8221;stretch_row_content&#8221; el_class=&#8221;no-margin-bottom no-margin-bottom grid-icones-pago-residencia p-restyling p-20px ombra-superior&#8221; css=&#8221;.vc_custom_1755686393440{background-color: #fdeee7 !important;}&#8221;][vc_column][vc_empty_space height=&#8221;40px&#8221;][\/vc_column][\/vc_row][vc_row full_width=&#8221;stretch_row&#8221; el_class=&#8221;no-margin-bottom no-margin-bottom grid-icones-pago-residencia p-restyling p-20px&#8221; css=&#8221;.vc_custom_1753973554321{background-color: #fdeee7 !important;}&#8221; anchor_link=&#8221;ventajas&#8221;][vc_column][vc_column_text]Pensium \u00e9s el resultat d\u2019un proc\u00e9s de recerca d\u2019alternatives per oferir una nova soluci\u00f3 a les persones i fam\u00edlies que han de fer front al pagament de les cures assistencials d\u2019un familiar m\u00e9s gran.<br \/>\nMoltes fam\u00edlies tenen greus dificultats per assumir aquest elevat cost. Tots volem gestionar de la millor manera el nostre patrimoni familiar, i podem fer-ho alhora que aconseguim la millor atenci\u00f3 per a la persona dependent, sense perdre l\u2019habitatge en cap cas ni gastar els estalvis.<br \/>\nPensium va n\u00e9ixer a partir d\u2019un equip de professionals del sector de resid\u00e8ncies, economistes, advocats i treballadores socials que van crear el Programa Pensium, que permet a les fam\u00edlies pagar el cost de la pla\u00e7a residencial privada o l\u2019atenci\u00f3 assistencial a casa sense perdre el seu patrimoni, sense cap mena d\u2019hipoteca, sense gastar els seus estalvis i sense haver de desemborsar diners.<br \/>\nAmb el Programa Pensium, les persones grans dependents que tenen algun immoble en propietat tindran una millor qualitat de vida al poder accedir als recursos assistencials que necessiten.[\/vc_column_text][vc_empty_space height=&#8221;40px&#8221;][vc_column_text el_class=&#8221;text-color-grey&#8221;]<\/p>\n<p style=\"text-align: left;\">Pensium SL \u00e9s una <a href=\"https:\/\/pensium.es\/pensium-certificada-como-b-corp-tm\/\"><strong>Benefit Corporation B Corp<sup>TM<\/sup> certificada internacionalment<\/strong><\/a>.<\/p>\n<p>[\/vc_column_text][\/vc_column][\/vc_row][vc_row full_width=&#8221;stretch_row_content_no_spaces&#8221; el_class=&#8221;no-margin-bottom no-margin-bottom p-restyling&#8221; css=&#8221;.vc_custom_1755704260840{background-color: #fdeee7 !important;}&#8221;][vc_column][vc_empty_space height=&#8221;40px&#8221;][vc_tta_tabs active_section=&#8221;&#8221; el_class=&#8221;tabs-opinions tabs-quienes-somos-container&#8221; el_id=&#8221;tabs-quienes-somos&#8221;][vc_tta_section tab_id=&#8221;1753775154448-b229fc47-fda6&#8243; title=&#8221;EL NOSTRE PROP\u00d2SIT&#8221; el_class=&#8221;desplegable-opinions&#8221;][vc_row_inner css=&#8221;.vc_custom_1755696644063{background-color: #ebe7ee !important;}&#8221;][vc_column_inner][vc_column_text]<strong>EL NOSTRE PROP\u00d2SIT<\/strong>[\/vc_column_text][vc_empty_space height=&#8221;10px&#8221;][vc_column_text el_class=&#8221;p-20px&#8221;]L\u2019objectiu de Pensium \u00e9s facilitar el finan\u00e7ament de l\u2019atenci\u00f3 assistencial de les persones grans amb habitatge propi, anticipant fins al doble del lloguer del seu habitatge perqu\u00e8 la seva casa treballi per a pagar la seva assist\u00e8ncia.<\/p>\n<p><strong>Seguint sempre els principis de:<\/strong>[\/vc_column_text][vc_empty_space height=&#8221;10px&#8221;][vc_column_text el_class=&#8221;p-20px&#8221; css=&#8221;.vc_custom_1757934574041{padding-left: 20px !important;}&#8221;]\u2022 <strong>Transpar\u00e8ncia <\/strong>en la informaci\u00f3 relativa a les caracter\u00edstiques i condicions del programa.<br \/>\n\u2022 <strong>Senzillesa <\/strong>en els procediments, documentaci\u00f3, informaci\u00f3 a usuaris, etc.<br \/>\n\u2022 <strong>Agilitat <\/strong>en actuacions i respostes.<br \/>\n\u2022 <strong>Responsabilitat <\/strong>en la tramitaci\u00f3 i la gesti\u00f3 de les operacions, aix\u00ed com en assegurar la completa comprensi\u00f3 per part del beneficiari i la seva fam\u00edlia.[\/vc_column_text][vc_empty_space height=&#8221;10px&#8221;][vc_column_text el_class=&#8221;p-20px&#8221;]<strong>Treballar amb la m\u00e0xima transpar\u00e8ncia, senzillesa, agilitat i responsabilitat, es concreta en:<\/strong>[\/vc_column_text][vc_empty_space height=&#8221;10px&#8221;][vc_column_text el_class=&#8221;p-20px&#8221; css=&#8221;.vc_custom_1757934749874{padding-left: 20px !important;}&#8221;]\u2022 <strong>Assessorar <\/strong>de forma responsable als beneficiaris del programa.<br \/>\n\u2022 <strong>Garantir <\/strong>que el beneficiari <strong>mant\u00e9 la propietat<\/strong> de l\u2019immoble.<br \/>\n\u2022 <strong>Abonar <\/strong>els imports pactats de manera <strong>anticipada<\/strong>.<br \/>\n\u2022 <strong>Gestionar el lloguer<\/strong> de la propietat de l\u2019habitatge de manera <strong>\u00edntegra, professional i amb les m\u00e0ximes garanties.<\/strong><br \/>\n\u2022 <strong>Informar peri\u00f2dicament<\/strong> als beneficiaris de l\u2019evoluci\u00f3 de l\u2019operaci\u00f3.<br \/>\n\u2022 Garantir la <strong>confidencialitat <\/strong>de les dades i informaci\u00f3 necess\u00e0ria per a l\u2019operaci\u00f3.<br \/>\n\u2022 <strong>Atendre <\/strong>els dubtes, consultes, suggeriments, que ens transmetin les persones benefici\u00e0ries.[\/vc_column_text][\/vc_column_inner][\/vc_row_inner][vc_empty_space height=&#8221;30px&#8221;][\/vc_tta_section][vc_tta_section title=&#8221;PREMIS&#8221; tab_id=&#8221;1753775154658-32848d5c-1b83&#8243; el_class=&#8221;desplegable-opinions p-restyling links-lila-subratllat&#8221;][vc_row_inner][vc_column_inner][vc_empty_space height=&#8221;30px&#8221;][vc_column_text]<\/p>\n<p style=\"text-align: center;\"><strong>PENSIUM: PREMIS I RECONEIXEMENTS<\/strong><br \/>\nDiverses organitzacions han reconegut i premiat l\u2019important impacte social del Programa Pensium<\/p>\n<p>[\/vc_column_text][\/vc_column_inner][\/vc_row_inner][vc_separator color=&#8221;custom&#8221; el_width=&#8221;80&#8243; accent_color=&#8221;#361251&#8243; css=&#8221;.vc_custom_1755686607889{padding-top: 40px !important;padding-bottom: 40px !important;}&#8221;][vc_row_inner el_class=&#8221;p-20px&#8221;][vc_column_inner width=&#8221;1\/3&#8243; css=&#8221;.vc_custom_1755703437847{padding-top: 10px !important;padding-right: 20px !important;padding-bottom: 10px !important;padding-left: 20px !important;}&#8221;][vc_single_image image=&#8221;18589&#8243; img_size=&#8221;full&#8221;][\/vc_column_inner][vc_column_inner width=&#8221;2\/3&#8243; css=&#8221;.vc_custom_1755686775844{padding-left: 20px !important;}&#8221;][vc_column_text]<strong>RECONEIXEMENT PREMIS RESPON.CAT: PREMI A LA TRAJECT\u00d2RIA DEL COMPROM\u00cdS EN RSE EN LA CATEGORIA PIME<\/strong><\/p>\n<p>Respon.cat \u00e9s una organitzaci\u00f3 que promou la responsabilitat social empresarial a Catalunya, impulsant un model d\u2019empresa compromesa amb la societat, el desenvolupament sostenible i la generaci\u00f3 de valor m\u00e9s enll\u00e0 de l\u2019\u00e0mbit econ\u00f2mic.<\/p>\n<p>Pensium ha estat reconeguda als <strong>Premis Respon.cat 2025<\/strong>, en la seva <strong>10a edici\u00f3<\/strong>, amb el <strong>Premi a la traject\u00f2ria del comprom\u00eds en Responsabilitat Social Empresarial (RSE) en la categoria d\u2019empresa petita i mitjana (PIME)<\/strong>.<\/p>\n<p><strong><a href=\"https:\/\/www.canva.com\/design\/DAHDiQUfz_w\/2aztiLB6tZqPXyQdV4xQ3g\/view?utm_content=DAHDiQUfz_w&amp;utm_campaign=designshare&amp;utm_medium=link2&amp;utm_source=uniquelinks&amp;utlId=h30b8ed817a\" target=\"_blank\" rel=\"noopener\">Veure document de Bones Pr\u00e0ctiques <\/a><\/strong><br \/>\n<strong><a href=\"https:\/\/www.youtube.com\/watch?v=V9q25CrWTrI\" target=\"_blank\" rel=\"noopener\">Veure Video Pensium<\/a><\/strong>[\/vc_column_text][\/vc_column_inner][\/vc_row_inner][vc_empty_space height=&#8221;40px&#8221;][vc_row_inner el_class=&#8221;p-20px&#8221;][vc_column_inner width=&#8221;1\/3&#8243; css=&#8221;.vc_custom_1755703437847{padding-top: 10px !important;padding-right: 20px !important;padding-bottom: 10px !important;padding-left: 20px !important;}&#8221;][vc_single_image image=&#8221;17435&#8243; img_size=&#8221;full&#8221;][\/vc_column_inner][vc_column_inner width=&#8221;2\/3&#8243; css=&#8221;.vc_custom_1755686775844{padding-left: 20px !important;}&#8221;][vc_column_text]<strong>BEST FOR THE WORLD 2022<\/strong><\/p>\n<p>Reconeixement com a <strong>\u201c<a href=\"https:\/\/www.bcorpspain.es\/blog\/entrega-reconocimiento-best-for-the-world-2022\" target=\"_blank\" rel=\"noopener\">Best For The World<\/a>\u201d<\/strong> a l\u2019\u00e0rea de Clients, gr\u00e0cies a la seva tasca centrada a millorar el benestar de la societat. Aquest reconeixement s\u201fatorga a les empreses que estan entre el 5% de millors empreses BCorp del M\u00f3n en alguna de les 5 \u00e0rees d\u201fimpacte valorades: clients, medi ambient, governan\u00e7a, treballadors i comunitat.<\/p>\n<p>El lliurament dels premis <strong>\u201c<a href=\"https:\/\/www.bcorpspain.es\/blog\/entrega-reconocimiento-best-for-the-world-2022\" target=\"_blank\" rel=\"noopener\">Best for the Word<\/a>\u201d<\/strong> 2022 es va realitzar el 20 de setembre de 2022.[\/vc_column_text][\/vc_column_inner][\/vc_row_inner][vc_empty_space height=&#8221;40px&#8221;][vc_row_inner el_class=&#8221;p-20px&#8221;][vc_column_inner width=&#8221;1\/3&#8243; css=&#8221;.vc_custom_1755703445443{padding-top: 10px !important;padding-right: 20px !important;padding-bottom: 10px !important;padding-left: 20px !important;}&#8221;][vc_single_image image=&#8221;17439&#8243; img_size=&#8221;full&#8221; onclick=&#8221;custom_link&#8221; link=&#8221;https:\/\/www.youtube.com\/watch?v=HklNixwSn-o&#8221; el_class=&#8221;videos-lightbox supersize-text&#8221;][\/vc_column_inner][vc_column_inner width=&#8221;2\/3&#8243; css=&#8221;.vc_custom_1755686775844{padding-left: 20px !important;}&#8221;][vc_column_text]<strong>PROJECTE GUANYADOR A LA 3A EDICI\u00d3 DELS PREMIS EN INNOVACI\u00d3 SOCIAL DE FUNDACI\u00d3 MAPFRE<\/strong><\/p>\n<p>La <a href=\"https:\/\/www.fundacionmapfre.org\/fundacion\/es_es\/noticias\/final-tercera-edicion-premios-fundacion-mapfre-innovacion-social.jsp?utm_campaign=2020-11-part-premis-mapfre&amp;utm_medium=email&amp;utm_source=acumbamail\" target=\"_blank\" rel=\"noopener\"><strong>Fundaci\u00f3 Mapfre<\/strong><\/a> organitza cada any aquests premis que reconeixen la tasca d\u2019empreses que desenvolupen projectes d\u2019innovaci\u00f3 social. Despr\u00e9s de superar les fases de preselecci\u00f3 i la semifinal, PENSIUM va ser guardonada com a guanyadora a escala mundial en la categoria d&#8217;<a href=\"https:\/\/www.fundacionmapfre.org\/fundacion\/es_es\/noticias\/final-tercera-edicion-premios-fundacion-mapfre-innovacion-social.jsp?utm_campaign=2020-11-part-premis-mapfre&amp;utm_medium=email&amp;utm_source=acumbamail\" target=\"_blank\" rel=\"noopener\"><strong>Innovaci\u00f3 Asseguradora<\/strong><\/a> a la final celebrada el 29 d\u2019octubre de 2020.[\/vc_column_text][\/vc_column_inner][\/vc_row_inner][vc_empty_space height=&#8221;40px&#8221;][vc_row_inner el_class=&#8221;p-20px&#8221;][vc_column_inner width=&#8221;1\/3&#8243; css=&#8221;.vc_custom_1755703453627{padding-top: 10px !important;padding-right: 20px !important;padding-bottom: 10px !important;padding-left: 20px !important;}&#8221;][vc_single_image image=&#8221;9394&#8243; img_size=&#8221;full&#8221;][\/vc_column_inner][vc_column_inner width=&#8221;2\/3&#8243; css=&#8221;.vc_custom_1755686775844{padding-left: 20px !important;}&#8221;][vc_column_text]<strong>MILLOR B CORP PER CLIENTS A ESPANYA 2019<\/strong><\/p>\n<p>Les Benefit Corporation, B Corp<sup>TM<\/sup> s\u00f3n un nou model d\u2019empreses que equilibren el prop\u00f2sit social i els beneficis econ\u00f2mics. Incorporen un requeriment legal per tenir en compte als seus treballadors, clients, prove\u00efdors, comunitat i medi ambient en la pressa de decisions. Ser una empresa <a href=\"https:\/\/bcorporation.eu\/about-b-lab\/country-partner\/spain\" target=\"_blank\" rel=\"noopener\"><strong>B Corp<sup>TM<\/sup><\/strong> <\/a>significa formar part de les millors empreses PER al m\u00f3n, per la seva generaci\u00f3 d\u2019impacte positiu en la societat i en el medi ambient.<\/p>\n<p>EEl 6 de novembre de 2019, PENSIUM va rebre el premi a <strong>\u201c<a href=\"https:\/\/www.linkedin.com\/posts\/bcorpspain_bgoodday2019-bestforspain-liderandoelcambio-activity-6598267115659116544-OAlh\/\" target=\"_blank\" rel=\"noopener\">La millor empresa per a Espanya en la categoria de Clients de 2019<\/a>\u201d<\/strong>.[\/vc_column_text][\/vc_column_inner][\/vc_row_inner][vc_empty_space height=&#8221;30px&#8221;][\/vc_tta_section][vc_tta_section title=&#8221;ACREDITACIONS&#8221; tab_id=&#8221;1755690047477-e02299e6-9b6a&#8221; el_class=&#8221;desplegable-opinions p-restyling links-lila-subratllat&#8221;][vc_row_inner][vc_column_inner][vc_empty_space height=&#8221;30px&#8221;][vc_column_text]<\/p>\n<p style=\"text-align: center;\"><strong>PENSIUM: ACREDITACIONS<\/strong><br \/>\nDiverses organitzacions han acreditat l\u2019important impacte social del Programa Pensium<\/p>\n<p>[\/vc_column_text][\/vc_column_inner][\/vc_row_inner][vc_separator color=&#8221;custom&#8221; el_width=&#8221;80&#8243; accent_color=&#8221;#361251&#8243; css=&#8221;.vc_custom_1755686607889{padding-top: 40px !important;padding-bottom: 40px !important;}&#8221;][vc_row_inner el_class=&#8221;p-20px&#8221;][vc_column_inner width=&#8221;1\/3&#8243; css=&#8221;.vc_custom_1755703482931{padding-top: 10px !important;padding-right: 20px !important;padding-bottom: 10px !important;padding-left: 20px !important;}&#8221;][vc_single_image image=&#8221;17480&#8243; img_size=&#8221;full&#8221;][\/vc_column_inner][vc_column_inner width=&#8221;2\/3&#8243; css=&#8221;.vc_custom_1755686775844{padding-left: 20px !important;}&#8221;][vc_column_text]<strong>B CORP<sup>TM<\/sup> CERTIFICADA PEL SEU IMPACTE SOCIAL I LA TRANSPAR\u00c8NCIA DE LA SEVA ACTIVITAT<\/strong><\/p>\n<p>La certificaci\u00f3 B Corp<sup>TM<\/sup> \u00e9s el reconeixement m\u00e9s valorat en l\u2019\u00e0mbit de les empreses que treballen per a resoldre problemes socials i mediambientals al m\u00f3n.<\/p>\n<p>Les B Corp<sup>TM<\/sup> van m\u00e9s enll\u00e0 de l\u2019objectiu de generar guanys econ\u00f2mics i innoven per maximitzar el seu impacte positiu a les comunitats on operen. D\u2019aquesta manera, l\u2019empresa es converteix en una for\u00e7a regeneradora capa\u00e7 de construir una millor societat, on les empreses contribueixin a generar un benefici global.<\/p>\n<p><strong>Pensium ha renovat la seva certificaci\u00f3 a l\u2019octubre de 2021, amb una valoraci\u00f3 per sobre de la mitjana.<\/strong>[\/vc_column_text][vc_empty_space height=&#8221;20px&#8221;][vc_raw_html]JTNDc2VjdGlvbiUyMGNsYXNzJTNEJTIyZC1mbGV4LWglMjBjLWdyZXklMjBwLTE0cHglMjIlM0UlMEElM0NwJTNFUEVOU0lVTSUyQyUyMFNMJTNDYnIlM0UlMEFQZXIlMjBhJTIwbGElMjBkYXRhJTIwZGUlMjBmaW5hbGl0emFjaSVDMyVCMyUyMGRlJTIwbCUyN2FueSUyMGZpc2NhbC4lM0NiciUzRSUwQSUzQ3N0cm9uZyUzRTMxJTIwRGVzJTIwMjAyMyUzQyUyRnN0cm9uZyUzRSUzQyUyRnAlM0UlMEElM0NpbWclMjBzdHlsZSUzRCUyMndpZHRoJTNBJTIwODBweCUzQiUyMGhlaWdodCUzQSUyMDEwMCUyNSUzQiUyMiUyMHNyYyUzRCUyMmh0dHBzJTNBJTJGJTJGcGVuc2l1bS5lcyUyRndwLWNvbnRlbnQlMkZ1cGxvYWRzJTJGMjAyNSUyRjA4JTJGMTIzLTUucG5nJTIyJTJGJTNFJTBBJTNDJTJGc2VjdGlvbiUzRQ==[\/vc_raw_html][\/vc_column_inner][\/vc_row_inner][vc_empty_space height=&#8221;40px&#8221;][vc_row_inner el_class=&#8221;p-20px&#8221;][vc_column_inner width=&#8221;1\/3&#8243; css=&#8221;.vc_custom_1755703490458{padding-top: 10px !important;padding-right: 20px !important;padding-bottom: 10px !important;padding-left: 20px !important;}&#8221;][vc_single_image image=&#8221;17476&#8243; img_size=&#8221;full&#8221;][\/vc_column_inner][vc_column_inner width=&#8221;2\/3&#8243; css=&#8221;.vc_custom_1755686775844{padding-left: 20px !important;}&#8221;][vc_column_text]<strong><a href=\"https:\/\/eqa.es\/\" target=\"_blank\" rel=\"noopener\">EQA<\/a><\/strong> (entitat internacional de certificaci\u00f3, inspecci\u00f3 i verificaci\u00f3 d\u2019R+D+i, qualitat i est\u00e0ndards ESG) ha certificat que el finan\u00e7ament de Pensium Direct SL compleix els requisits dels bons socials o pr\u00e9stecs socials, ja que la destinaci\u00f3 final d\u2019aquest finan\u00e7ament \u00e9s cobrir les necessitats assistencials de persones dependents i est\u00e0 alineada amb el compliment dels Objectius de Desenvolupament Sostenible (<strong><a href=\"https:\/\/pensium.es\/pensium-empresa-responsable\/\">ODS<\/a><\/strong>) 1-Fi de la pobresa i 17-Aliances per assolir els objectius.<br \/>\nVeure informe en <strong><a href=\"https:\/\/pensium.es\/wp-content\/uploads\/2024\/05\/2024_05_DECLARACION_VERIFICACION_INDEPENDIENTE.pdf\" target=\"_blank\" rel=\"noopener\">castell\u00e0<\/a><\/strong> \/ en <strong><a href=\"https:\/\/pensium.es\/wp-content\/uploads\/2024\/05\/2024_05_DECLARACION_VERIFICACION_INDEPENDIENTE_ingles.pdf\" target=\"_blank\" rel=\"noopener\">angl\u00e8s<\/a><\/strong><br \/>\nVeure <strong><a href=\"https:\/\/pensium.es\/wp-content\/uploads\/2024\/05\/Marco-Financiacion-Pensium-Direct.pdf\" target=\"_blank\" rel=\"noopener\">Marc de finan\u00e7ament social<\/a><\/strong><br \/>\nVeure <strong><a href=\"https:\/\/pensium.es\/wp-content\/uploads\/2024\/05\/2024_05_DECLARACION_VERIFICACION_INDEPENDIENTE.pdf\" target=\"_blank\" rel=\"noopener\">Informe de Compliment 2024<\/a><\/strong>[\/vc_column_text][\/vc_column_inner][\/vc_row_inner][vc_empty_space height=&#8221;40px&#8221;][vc_row_inner el_class=&#8221;p-20px&#8221;][vc_column_inner width=&#8221;1\/3&#8243; css=&#8221;.vc_custom_1755703503758{padding-top: 10px !important;padding-right: 20px !important;padding-bottom: 10px !important;padding-left: 20px !important;}&#8221;][vc_single_image image=&#8221;17472&#8243; img_size=&#8221;full&#8221;][\/vc_column_inner][vc_column_inner width=&#8221;2\/3&#8243; css=&#8221;.vc_custom_1755686775844{padding-left: 20px !important;}&#8221;][vc_column_text]<strong>RECONEIXEMENT COM A STARTUP D\u2019IMPACTE \u201cIMPACT BUSINESS\u201d<\/strong><\/p>\n<p><strong><a href=\"https:\/\/www.ship2b.org\/\" target=\"_blank\" rel=\"noopener\">Ship2B<\/a><\/strong> \u00e9s una fundaci\u00f3 privada que t\u00e9 com a fi impulsar l\u2019economia d\u2019impacte, un nou model econ\u00f2mic on la finalitat principal de les empreses, inversors i organitzacions ja no \u00e9s nom\u00e9s maximitzar la seva rendibilitat econ\u00f2mica, sin\u00f3 tamb\u00e9 el seu impacte social o mediambiental.<\/p>\n<p>Pensium t\u00e9 el reconeixement d\u2019empresa d\u2019alt impacte social des de 2018, despr\u00e9s d\u2019haver passat per la fase d\u2019an\u00e0lisi de projectes que estableix la Fundaci\u00f3 Ship2B.[\/vc_column_text][\/vc_column_inner][\/vc_row_inner][vc_empty_space height=&#8221;30px&#8221;][\/vc_tta_section][\/vc_tta_tabs][\/vc_column][\/vc_row][vc_row full_width=&#8221;stretch_row&#8221; el_class=&#8221;no-margin-bottom tramites-dependencia-wrapper&#8221; css=&#8221;.vc_custom_1752059037415{background-color: #cdc4d3 !important;}&#8221;][vc_column el_class=&#8221;contenidor-centrat p-restyling&#8221;][vc_row_inner][vc_column_inner][vc_empty_space height=&#8221;60px&#8221;][vc_column_text el_class=&#8221;title-button-styled&#8221;]Pensium <strong>empresa responsable<\/strong>[\/vc_column_text][vc_empty_space height=&#8221;60px&#8221;][vc_column_text]<\/p>\n<p style=\"text-align: center;\">Pensium aposta per col\u00b7laborar en el compliment l&#8217;<a href=\"https:\/\/www.un.org\/sustainabledevelopment\/es\/sustainable-development-goals\/\" target=\"_blank\" rel=\"noopener\">Agenda 2030 sobre el Desenvolupament Sostenible<\/a>, que compta amb aquests 17 objectius.<\/p>\n<p style=\"text-align: center;\"><strong>CONEIX AQU\u00cd COM COL\u00b7LABOREM AMB AQUESTS OBJECTIUS.<\/strong><\/p>\n<p>[\/vc_column_text][vc_empty_space height=&#8221;60px&#8221;][vc_single_image image=&#8221;7344&#8243; img_size=&#8221;full&#8221; el_class=&#8221;soft-radius-shadow&#8221;][vc_empty_space height=&#8221;60px&#8221;][\/vc_column_inner][\/vc_row_inner][\/vc_column][\/vc_row][vc_row full_width=&#8221;stretch_row&#8221; css=&#8221;.vc_custom_1754031945707{background-color: #fdeee7 !important;}&#8221; el_class=&#8221;p-restyling p-centrat ombra-superior p-30px&#8221;][vc_column][vc_empty_space height=&#8221;40px&#8221;][vc_column_text]Recorda que <strong>et podem ajudar a tramitar<\/strong> la sol\u00b7licitud del <strong>grau de depend\u00e8ncia<\/strong>[\/vc_column_text][vc_empty_space height=&#8221;20px&#8221;][vc_single_image image=&#8221;15748&#8243; img_size=&#8221;full&#8221; alignment=&#8221;center&#8221; onclick=&#8221;custom_link&#8221; img_link_target=&#8221;_blank&#8221; link=&#8221;https:\/\/tramitesdependencia.es\/&#8221; el_class=&#8221;img-max-400&#8243;][vc_empty_space height=&#8221;40px&#8221;][\/vc_column][\/vc_row][vc_row full_width=&#8221;stretch_row&#8221; el_class=&#8221;p-restyling p-centrat ombra-superior p-30px&#8221;][vc_column][vc_empty_space height=&#8221;60px&#8221;][vc_column_text]<\/p>\n<p style=\"text-align: center;\"><strong>COL\u00b7LABOREN AMB NOSALTRES<\/strong><\/p>\n<p>[\/vc_column_text][vc_empty_space height=&#8221;20px&#8221;][vc_column_text el_class=&#8221;carousel-logos-3-files&#8221;]<ul class=\"bxslider slider-logos\" style=\"margin:0; padding:0; list-style:none;\"><li><div class=\"slider-logo-grid\"><figure class=\"slider-logo-item\"><a href=\"https:\/\/aradeasociacion.com\/\" target=\"_blank\" rel=\"noopener noreferrer\"><img decoding=\"async\" src=\"https:\/\/pensium.es\/wp-content\/uploads\/2020\/02\/logo_arade-300x94.jpg\" alt=\"Arade\" loading=\"lazy\" \/><\/a><\/figure><figure class=\"slider-logo-item\"><a href=\"https:\/\/www.ibercaja.es\/particulares\/tu-banca\/mayores\/pensium\/\" target=\"_blank\" rel=\"noopener noreferrer\"><img decoding=\"async\" src=\"https:\/\/pensium.es\/wp-content\/uploads\/2022\/09\/logo-Ibercaja-NEGRO-1-300x101.jpg\" alt=\"Ibercaja\" loading=\"lazy\" \/><\/a><\/figure><figure class=\"slider-logo-item\"><a href=\"https:\/\/www.cuidum.com\/\" target=\"_blank\" rel=\"noopener noreferrer\"><img decoding=\"async\" src=\"https:\/\/pensium.es\/wp-content\/uploads\/2025\/10\/logo-CUIDUM-003-300x67.png\" alt=\"\" loading=\"lazy\" \/><\/a><\/figure><figure class=\"slider-logo-item\"><a href=\"https:\/\/www.persohome.es\/\" target=\"_blank\" rel=\"noopener noreferrer\"><img decoding=\"async\" src=\"https:\/\/pensium.es\/wp-content\/uploads\/2025\/06\/Logo-Persohome-19062025-300x224.jpg\" alt=\"Persohome\" loading=\"lazy\" \/><\/a><\/figure><figure class=\"slider-logo-item\"><a href=\"https:\/\/gransliving.com\/\" target=\"_blank\" rel=\"noopener noreferrer\"><img decoding=\"async\" src=\"https:\/\/pensium.es\/wp-content\/uploads\/2021\/10\/logo-horizontal-gransliving-300x64.jpg\" alt=\"Gransliving\" loading=\"lazy\" \/><\/a><\/figure><figure class=\"slider-logo-item\"><a href=\"https:\/\/cansunyer.cat\/\" target=\"_blank\" rel=\"noopener noreferrer\"><img decoding=\"async\" src=\"https:\/\/pensium.es\/wp-content\/uploads\/2024\/06\/logo-sunyer-002-1.jpg\" alt=\"Can Sunyer\" loading=\"lazy\" \/><\/a><\/figure><figure class=\"slider-logo-item\"><a href=\"https:\/\/air4seniors.com\/\" target=\"_blank\" rel=\"noopener noreferrer\"><img decoding=\"async\" src=\"https:\/\/pensium.es\/wp-content\/uploads\/2019\/12\/logo-air4seniors.png\" alt=\"Air4seniors\" loading=\"lazy\" \/><\/a><\/figure><figure class=\"slider-logo-item\"><a href=\"https:\/\/www.fundacionpilares.org\/\" target=\"_blank\" rel=\"noopener noreferrer\"><img decoding=\"async\" src=\"https:\/\/pensium.es\/wp-content\/uploads\/2019\/12\/Fundacionpilares.jpg\" alt=\"Fundaci\u00f3n Pilares\" loading=\"lazy\" \/><\/a><\/figure><figure class=\"slider-logo-item\"><a href=\"https:\/\/www.abanca.com\/es\/vive-la-vida\/asistencia\/\" target=\"_blank\" rel=\"noopener noreferrer\"><img decoding=\"async\" src=\"https:\/\/pensium.es\/wp-content\/uploads\/2020\/10\/logo-Abanca.png\" alt=\"Abanca\" loading=\"lazy\" \/><\/a><\/figure><figure class=\"slider-logo-item\"><a href=\"https:\/\/upimir.com\" target=\"_blank\" rel=\"noopener noreferrer\"><img decoding=\"async\" src=\"https:\/\/pensium.es\/wp-content\/uploads\/2018\/03\/UPIMIR-300x173.jpg\" alt=\"Upimir\" loading=\"lazy\" \/><\/a><\/figure><figure class=\"slider-logo-item\"><a href=\"https:\/\/portal.kutxabank.es\/cs\/Satellite\/kb\/es\/mayores\" target=\"_blank\" rel=\"noopener noreferrer\"><img decoding=\"async\" src=\"https:\/\/pensium.es\/wp-content\/uploads\/2020\/07\/kutxabank-logo.jpg\" alt=\"Kutxabank\" loading=\"lazy\" \/><\/a><\/figure><figure class=\"slider-logo-item\"><a href=\"https:\/\/ceoma.org\/\" target=\"_blank\" rel=\"noopener noreferrer\"><img decoding=\"async\" src=\"https:\/\/pensium.es\/wp-content\/uploads\/2022\/07\/CEOMA_marca-300x147.jpg\" alt=\"CEOMA\" loading=\"lazy\" \/><\/a><\/figure><figure class=\"slider-logo-item\"><a href=\"https:\/\/www.agasede.es\/\" target=\"_blank\" rel=\"noopener noreferrer\"><img decoding=\"async\" src=\"https:\/\/pensium.es\/wp-content\/uploads\/2021\/06\/unnamed-3-300x68.png\" alt=\"Agasede\" loading=\"lazy\" \/><\/a><\/figure><figure class=\"slider-logo-item\"><a href=\"https:\/\/fundacioncolisee.es\/\" target=\"_blank\" rel=\"noopener noreferrer\"><img decoding=\"async\" src=\"https:\/\/pensium.es\/wp-content\/uploads\/2024\/03\/fundacion-colisee-logo1-positivo300-rgb-300x198.png\" alt=\"Fundaci\u00f3n Colisee\" loading=\"lazy\" \/><\/a><\/figure><figure class=\"slider-logo-item\"><a href=\"https:\/\/www.fundacioprovea.org\/\" target=\"_blank\" rel=\"noopener noreferrer\"><img decoding=\"async\" src=\"https:\/\/pensium.es\/wp-content\/uploads\/2020\/10\/LOGOPROVEA-300x100.jpg\" alt=\"Provea\" loading=\"lazy\" \/><\/a><\/figure><figure class=\"slider-logo-item\"><a href=\"https:\/\/residenciaalday.com\/\" target=\"_blank\" rel=\"noopener noreferrer\"><img decoding=\"async\" src=\"https:\/\/pensium.es\/wp-content\/uploads\/2022\/03\/alday-egoitza_logo-300x127.png\" alt=\"Alday\" loading=\"lazy\" \/><\/a><\/figure><figure class=\"slider-logo-item\"><a href=\"https:\/\/eyclick.com\/\" target=\"_blank\" rel=\"noopener noreferrer\"><img decoding=\"async\" src=\"https:\/\/pensium.es\/wp-content\/uploads\/2024\/03\/Logo-EYClick-Agencia-Marketing-Digital-Barcelona.png\" alt=\"EYClick\" loading=\"lazy\" \/><\/a><\/figure><figure class=\"slider-logo-item\"><a href=\"https:\/\/www.trabajosocialmalaga.org\/\" target=\"_blank\" rel=\"noopener noreferrer\"><img decoding=\"async\" src=\"https:\/\/pensium.es\/wp-content\/uploads\/2020\/10\/LogoColegio-300x102.png\" alt=\"Colegio Profesional de Trabajo Social de M\u00e1laga\" loading=\"lazy\" \/><\/a><\/figure><figure class=\"slider-logo-item\"><a href=\"https:\/\/www.residenciasantabarbarafundaz.org\/\" target=\"_blank\" rel=\"noopener noreferrer\"><img decoding=\"async\" src=\"https:\/\/pensium.es\/wp-content\/uploads\/2021\/11\/fundaz-logo-300x107.jpg\" alt=\"Fundaz\" loading=\"lazy\" \/><\/a><\/figure><figure class=\"slider-logo-item\"><a href=\"https:\/\/www.cuida2.es\/\" target=\"_blank\" rel=\"noopener noreferrer\"><img decoding=\"async\" src=\"https:\/\/pensium.es\/wp-content\/uploads\/2023\/11\/CUIDA2_Logo_Claim_color-2-300x142.png\" alt=\"Cuida2 residencia\" loading=\"lazy\" \/><\/a><\/figure><figure class=\"slider-logo-item\"><a href=\"https:\/\/www.bancsabadell.com\/\" target=\"_blank\" rel=\"noopener noreferrer\"><img decoding=\"async\" src=\"https:\/\/pensium.es\/wp-content\/uploads\/2019\/07\/logo-vector-banco-sabadell-300x152.jpg\" alt=\"Banc Sabadell\" loading=\"lazy\" \/><\/a><\/figure><figure class=\"slider-logo-item\"><a href=\"https:\/\/www.bango.es\/\" target=\"_blank\" rel=\"noopener noreferrer\"><img decoding=\"async\" src=\"https:\/\/pensium.es\/wp-content\/uploads\/2021\/02\/logo-BANGO-300x66.png\" alt=\"Bango\" loading=\"lazy\" \/><\/a><\/figure><figure class=\"slider-logo-item\"><a href=\"https:\/\/lavostrallar.com\/\" target=\"_blank\" rel=\"noopener noreferrer\"><img decoding=\"async\" src=\"https:\/\/pensium.es\/wp-content\/uploads\/2020\/11\/lavostrallar_logo_color-300x150.jpg\" alt=\"La vostra llar\" loading=\"lazy\" \/><\/a><\/figure><figure class=\"slider-logo-item\"><a href=\"https:\/\/tsys.es\/\" target=\"_blank\" rel=\"noopener noreferrer\"><img decoding=\"async\" src=\"https:\/\/pensium.es\/wp-content\/uploads\/2025\/09\/Logo-TSYS-2-1024x576-002-300x169.png\" alt=\"Tsys\" loading=\"lazy\" \/><\/a><\/figure><figure class=\"slider-logo-item\"><a href=\"https:\/\/inoutcomunicacion.com\/ca\/\" target=\"_blank\" rel=\"noopener noreferrer\"><img decoding=\"async\" src=\"https:\/\/pensium.es\/wp-content\/uploads\/2024\/05\/image001-300x300.png\" alt=\"In Out\" loading=\"lazy\" \/><\/a><\/figure><figure class=\"slider-logo-item\"><a href=\"https:\/\/cksenior.es\/\" target=\"_blank\" rel=\"noopener noreferrer\"><img decoding=\"async\" src=\"https:\/\/pensium.es\/wp-content\/uploads\/2024\/05\/BANNER_WEB_CK-SENIOR-002-300x300.png\" alt=\"CK Senior\" loading=\"lazy\" \/><\/a><\/figure><figure class=\"slider-logo-item\"><a href=\"https:\/\/www.fundacioictus.com\/es\/proyectos\/programa-abric\/\" target=\"_blank\" rel=\"noopener noreferrer\"><img decoding=\"async\" src=\"https:\/\/pensium.es\/wp-content\/uploads\/2025\/06\/Logo-Fundacio-Ictus-v-1-300x300.png\" alt=\"Fundaci\u00f3n Ictus\" loading=\"lazy\" \/><\/a><\/figure><figure class=\"slider-logo-item\"><a href=\"http:\/\/fundaciondesarrollosocial.blogspot.com\/\" target=\"_blank\" rel=\"noopener noreferrer\"><img decoding=\"async\" src=\"https:\/\/pensium.es\/wp-content\/uploads\/2020\/02\/logo_fds-300x134.jpg\" alt=\"Fundaci\u00f3n Desarrollo Social\" loading=\"lazy\" \/><\/a><\/figure><figure class=\"slider-logo-item\"><a href=\"http:\/\/www.bcn.cat\/consorcihabitatge\/ca\/home.html\" target=\"_blank\" rel=\"noopener noreferrer\"><img decoding=\"async\" src=\"https:\/\/pensium.es\/wp-content\/uploads\/2019\/04\/logo-Ajuntament-BCN-ok-1.png\" alt=\"Ajuntament de Barcelona\" loading=\"lazy\" \/><\/a><\/figure><figure class=\"slider-logo-item\"><a href=\"http:\/\/www.reyardid.org\/\" target=\"_blank\" rel=\"noopener noreferrer\"><img decoding=\"async\" src=\"https:\/\/pensium.es\/wp-content\/uploads\/2020\/07\/Rey-Ardid-1-300x95.jpg\" alt=\"Fundaci\u00f3n Rey Ardid\" loading=\"lazy\" \/><\/a><\/figure><\/div><\/li><li><div class=\"slider-logo-grid\"><figure class=\"slider-logo-item\"><a href=\"https:\/\/www.sanitas.es\/\" target=\"_blank\" rel=\"noopener noreferrer\"><img decoding=\"async\" src=\"https:\/\/pensium.es\/wp-content\/uploads\/2019\/10\/sanitas-logo-300x126.jpg\" alt=\"Sanitas\" loading=\"lazy\" \/><\/a><\/figure><figure class=\"slider-logo-item\"><a href=\"https:\/\/www.amavir.es\/\" target=\"_blank\" rel=\"noopener noreferrer\"><img decoding=\"async\" src=\"https:\/\/pensium.es\/wp-content\/uploads\/2018\/08\/amavir.logo_.png\" alt=\"Amavir\" loading=\"lazy\" \/><\/a><\/figure><figure class=\"slider-logo-item\"><a href=\"https:\/\/ingenieriasocial.es\" target=\"_blank\" rel=\"noopener noreferrer\"><img decoding=\"async\" src=\"https:\/\/pensium.es\/wp-content\/uploads\/2018\/03\/logo_IngSocial-300x54.png\" alt=\"Ingenier\u00eda Social\" loading=\"lazy\" \/><\/a><\/figure><figure class=\"slider-logo-item\"><a href=\"https:\/\/www.fiatcresidencias.com?utm_source=Pensium\" target=\"_blank\" rel=\"noopener noreferrer\"><img decoding=\"async\" src=\"https:\/\/pensium.es\/wp-content\/uploads\/2021\/02\/FIATC_Residencias_Cast_Color-1-300x212.png\" alt=\"FIATC\" loading=\"lazy\" \/><\/a><\/figure><figure class=\"slider-logo-item\"><a href=\"https:\/\/ship2b.org\" target=\"_blank\" rel=\"noopener noreferrer\"><img decoding=\"async\" src=\"https:\/\/pensium.es\/wp-content\/uploads\/2018\/03\/Logo-ship2b-300x112.jpg\" alt=\"Ship2B\" loading=\"lazy\" \/><\/a><\/figure><figure class=\"slider-logo-item\"><a href=\"https:\/\/bcorporation.eu\/about-b-corps\" target=\"_blank\" rel=\"noopener noreferrer\"><img decoding=\"async\" src=\"https:\/\/pensium.es\/wp-content\/uploads\/2018\/03\/2017-B-Corp-Logo-POS-L-205x300.jpg\" alt=\"B Corp\" loading=\"lazy\" \/><\/a><\/figure><figure class=\"slider-logo-item\"><a href=\"https:\/\/www.domusvi.es\/\" target=\"_blank\" rel=\"noopener noreferrer\"><img decoding=\"async\" src=\"https:\/\/pensium.es\/wp-content\/uploads\/2018\/08\/domusvi.logo_.png\" alt=\"DomusVi\" loading=\"lazy\" \/><\/a><\/figure><figure class=\"slider-logo-item\"><a href=\"http:\/\/www.lasaleta.com\/\" target=\"_blank\" rel=\"noopener noreferrer\"><img decoding=\"async\" src=\"https:\/\/pensium.es\/wp-content\/uploads\/2019\/10\/logo-colisee-group-mas-empresas-fondo-corporativo-600ppi-RGB-300x134.png\" alt=\"La Saleta\" loading=\"lazy\" \/><\/a><\/figure><figure class=\"slider-logo-item\"><a href=\"https:\/\/www.cronoshare.com\" target=\"_blank\" rel=\"noopener noreferrer\"><img decoding=\"async\" src=\"https:\/\/pensium.es\/wp-content\/uploads\/2018\/09\/Cronoshare_pensium.jpg\" alt=\"Cronoshare\" loading=\"lazy\" \/><\/a><\/figure><figure class=\"slider-logo-item\"><a href=\"http:\/\/www.firagran.com\" target=\"_blank\" rel=\"noopener noreferrer\"><img decoding=\"async\" src=\"https:\/\/pensium.es\/wp-content\/uploads\/2018\/04\/logo_Fira_Gran-300x217.jpg\" alt=\"Fira Gran\" loading=\"lazy\" \/><\/a><\/figure><figure class=\"slider-logo-item\"><a href=\"http:\/\/www.r4sgroup.com\" target=\"_blank\" rel=\"noopener noreferrer\"><img decoding=\"async\" src=\"https:\/\/pensium.es\/wp-content\/uploads\/2018\/04\/Logo-R4S-nom-hor.-gran-300x83.jpg\" alt=\"Roots for Sustainability\" loading=\"lazy\" \/><\/a><\/figure><figure class=\"slider-logo-item\"><a href=\"http:\/\/www.aerte.es\" target=\"_blank\" rel=\"noopener noreferrer\"><img decoding=\"async\" src=\"https:\/\/pensium.es\/wp-content\/uploads\/2019\/09\/Logo-30-aniversario-AERTE-1-300x161.png\" alt=\"AERTE (Asociaci\u00f3n Empresarial de Residencias y Servicios a Personas Dependientes de la Comunidad Valenciana)\" loading=\"lazy\" \/><\/a><\/figure><figure class=\"slider-logo-item\"><a href=\"http:\/\/www.acra.cat\/ca\/\" target=\"_blank\" rel=\"noopener noreferrer\"><img decoding=\"async\" src=\"https:\/\/pensium.es\/wp-content\/uploads\/2018\/07\/logo-acra-amb-marges-jpeg-_386444-300x207.jpg\" alt=\"acra\" loading=\"lazy\" \/><\/a><\/figure><figure class=\"slider-logo-item\"><a href=\"http:\/\/xarxagran.cat\" target=\"_blank\" rel=\"noopener noreferrer\"><img decoding=\"async\" src=\"https:\/\/pensium.es\/wp-content\/uploads\/2018\/07\/logo_simple_xarxagran-300x300.png\" alt=\"XARXAgran\" loading=\"lazy\" \/><\/a><\/figure><figure class=\"slider-logo-item\"><a href=\"http:\/inforesidencias.com\" target=\"_blank\" rel=\"noopener noreferrer\"><img decoding=\"async\" src=\"https:\/\/pensium.es\/wp-content\/uploads\/2018\/03\/Inforesilogo-300x152.png\" alt=\"Inforesidencias\" loading=\"lazy\" \/><\/a><\/figure><figure class=\"slider-logo-item\"><a href=\"https:\/\/associacioacad.cat\/\" target=\"_blank\" rel=\"noopener noreferrer\"><img decoding=\"async\" src=\"https:\/\/pensium.es\/wp-content\/uploads\/2018\/03\/logo-acad-jpg-300x174.jpg\" alt=\"Associaci\u00f3 ACAD\" loading=\"lazy\" \/><\/a><\/figure><figure class=\"slider-logo-item\"><a href=\"https:\/\/www.uch.cat\/\" target=\"_blank\" rel=\"noopener noreferrer\"><img decoding=\"async\" src=\"https:\/\/pensium.es\/wp-content\/uploads\/2018\/06\/logo_web.png\" alt=\"La Uni\u00f3 Associaci\u00f3 d&#8217;Entitats Sanit\u00e0ries i Socials\" loading=\"lazy\" \/><\/a><\/figure><\/div><\/li><\/ul>[\/vc_column_text][vc_empty_space height=&#8221;40px&#8221;][\/vc_column][\/vc_row][vc_row wide_row=&#8221;yes&#8221; css=&#8221;.vc_custom_1752851597185{margin-bottom: 0px !important;background-image: url(https:\/\/pensium.es\/wp-content\/uploads\/2017\/01\/pensium-slide4-e1504911837573.jpg?id=4319) !important;background-position: center !important;background-repeat: no-repeat !important;background-size: cover !important;}&#8221; anchor_link=&#8221;formulario-solicitar-informacion&#8221;][vc_column width=&#8221;2\/3&#8243;][vc_empty_space height=&#8221;75px&#8221;][vc_empty_space height=&#8221;65px&#8221;][vc_column_text css=&#8221;.vc_custom_1760003582888{margin-top: 0px !important;margin-bottom: 0px !important;border-top-width: 0px !important;border-bottom-width: 0px !important;padding-top: 0px !important;padding-bottom: 20px !important;}&#8221; el_class=&#8221;capitalize-letters interlletrat-espaiat&#8221;]<\/p>\n<h2 style=\"text-align: left;\"><strong><span style=\"color: #361251; font-size: 1.5em;\">Pagar la resid\u00e8ncia de gent gran o un cuidador a casa pot ser molt f\u00e0cil<\/span><\/strong><\/h2>\n<p>[\/vc_column_text]<div class=\"list check orange \"><\/p>\n<ul>\n<li><span style=\"color: #361251; font-size: 1.4em;\">Sense fer cap pagament ni desemborsament<\/span><\/li>\n<li><span style=\"color: #361251; font-size: 1.4em;\">Amb total flexibilitat<\/span><\/li>\n<li><span style=\"color: #361251; font-size: 1.4em;\">Amb aportacions peri\u00f2diques garantides<\/span><\/li>\n<\/ul>\n<p><\/div>[\/vc_column][vc_column width=&#8221;1\/3&#8243;][vc_empty_space height=&#8221;50px&#8221;][vc_row_inner css=&#8221;.vc_custom_1602080616567{background-color: #361251 !important;}&#8221;][vc_column_inner][vc_column_text css=&#8221;.vc_custom_1760007403836{margin-top: 0px !important;margin-bottom: 0px !important;border-top-width: 0px !important;border-bottom-width: 0px !important;padding-top: 0px !important;padding-bottom: 0px !important;}&#8221;]<\/p>\n<h2 id=\"formulario\" style=\"text-align: center;\"><span style=\"color: #ffffff; font-size: 1em;\"><strong>ESTUDIEM EL TEU CAS SENSE COMPROM\u00cdS<\/strong><\/span><\/h2>\n<p>[\/vc_column_text][vc_empty_space height=&#8221;15px&#8221;]\n<div class=\"wpcf7 no-js\" id=\"wpcf7-f18002-o1\" lang=\"ca\" dir=\"ltr\" data-wpcf7-id=\"18002\">\n<div class=\"screen-reader-response\"><p role=\"status\" aria-live=\"polite\" aria-atomic=\"true\"><\/p> <ul><\/ul><\/div>\n<form action=\"\/ca\/wp-json\/wp\/v2\/pages\/17363#wpcf7-f18002-o1\" method=\"post\" class=\"wpcf7-form init wpcf7-acceptance-as-validation\" aria-label=\"Formulari de contacte\" novalidate=\"novalidate\" data-status=\"init\">\n<fieldset class=\"hidden-fields-container\"><input type=\"hidden\" name=\"_wpcf7\" value=\"18002\" \/><input type=\"hidden\" name=\"_wpcf7_version\" value=\"6.1.5\" \/><input type=\"hidden\" name=\"_wpcf7_locale\" value=\"ca\" \/><input type=\"hidden\" name=\"_wpcf7_unit_tag\" value=\"wpcf7-f18002-o1\" \/><input type=\"hidden\" name=\"_wpcf7_container_post\" value=\"0\" \/><input type=\"hidden\" name=\"_wpcf7_posted_data_hash\" value=\"\" \/><input type=\"hidden\" name=\"_wpcf7dtx_version\" value=\"5.0.5\" \/><input type=\"hidden\" name=\"context_from_page\" value=\"\" \/><input type=\"hidden\" name=\"_wpcf7_recaptcha_response\" value=\"\" \/>\n<\/fieldset>\n<p class=\"visible\" style=\"display:none;\"><label ><span  style=\"color: white;\">Qu\u00e8 necessites?*<\/span> <span class=\"wpcf7-form-control-wrap\" data-name=\"tipo-pago\"><select class=\"wpcf7-form-control wpcf7-select\" aria-invalid=\"false\" name=\"tipo-pago\"><option value=\"\"><\/option><option value=\"Pagament de resid\u00e8ncia\">Pagament de resid\u00e8ncia<\/option><option value=\"Pagament de cuidador\">Pagament de cuidador<\/option><\/select><\/span><\/label>\n<\/p>\n<p><span class=\"wpcf7-form-control-wrap\" data-name=\"your-name\"><input size=\"40\" maxlength=\"400\" class=\"wpcf7-form-control wpcf7-text wpcf7-validates-as-required\" aria-required=\"true\" aria-invalid=\"false\" placeholder=\"Nom i cognoms*\" value=\"\" type=\"text\" name=\"your-name\" \/><\/span>\n<\/p>\n<p><span class=\"wpcf7-form-control-wrap\" data-name=\"your-email\"><input size=\"40\" maxlength=\"400\" class=\"wpcf7-form-control wpcf7-email wpcf7-validates-as-required wpcf7-text wpcf7-validates-as-email\" aria-required=\"true\" aria-invalid=\"false\" placeholder=\"E-mail*\" value=\"\" type=\"email\" name=\"your-email\" \/><\/span>\n<\/p>\n<p><span class=\"wpcf7-form-control-wrap\" data-name=\"your-phone\"><input size=\"40\" maxlength=\"400\" class=\"wpcf7-form-control wpcf7-text wpcf7-validates-as-required\" aria-required=\"true\" aria-invalid=\"false\" placeholder=\"Tel\u00e8fon*\" value=\"\" type=\"text\" name=\"your-phone\" \/><\/span>\n<\/p>\n<p><span class=\"wpcf7-form-control-wrap\" data-name=\"your-Population\"><input size=\"40\" maxlength=\"400\" class=\"wpcf7-form-control wpcf7-text wpcf7-validates-as-required\" aria-required=\"true\" aria-invalid=\"false\" placeholder=\"Poblaci\u00f3*\" value=\"\" type=\"text\" name=\"your-Population\" \/><\/span>\n<\/p>\n<p><span class=\"wpcf7-form-control-wrap\" data-name=\"Comonoshaconocido\"><input size=\"40\" maxlength=\"400\" class=\"wpcf7-form-control wpcf7-text wpcf7-validates-as-required\" aria-required=\"true\" aria-invalid=\"false\" placeholder=\"Com ens ha conegut?*\" value=\"\" type=\"text\" name=\"Comonoshaconocido\" \/><\/span>\n<\/p>\n<span class=\"wpcf7-form-control-wrap dte-url\" data-name=\"dte-url\"><input type=\"hidden\" name=\"dte-url\" class=\"wpcf7-form-control wpcf7-hidden wpcf7dtx wpcf7dtx-hidden\" aria-invalid=\"false\" value=\"\/ca\/wp-json\/wp\/v2\/pages\/17363\"><\/span>\n<p><label><span  style=\"color: white;\">Prov\u00edncia*<\/span><span class=\"wpcf7-form-control-wrap\" data-name=\"email-to\"><select class=\"wpcf7-form-control wpcf7-select wpcf7-validates-as-required your-province\" aria-required=\"true\" aria-invalid=\"false\" name=\"email-to\"><option value=\"\"><\/option><option value=\"01 \u00c1lava\">01 \u00c1lava<\/option><option value=\"02 Albacete\">02 Albacete<\/option><option value=\"03 Alicante\">03 Alicante<\/option><option value=\"04 Almer\u00cda\">04 Almer\u00cda<\/option><option value=\"05 \u00c1vila\">05 \u00c1vila<\/option><option value=\"06 Badajoz\">06 Badajoz<\/option><option value=\"08 Barcelona\">08 Barcelona<\/option><option value=\"09 Burgos\">09 Burgos<\/option><option value=\"10 C\u00e1ceres\">10 C\u00e1ceres<\/option><option value=\"11 C\u00e1diz\">11 C\u00e1diz<\/option><option value=\"12 Castell\u00f3n\">12 Castell\u00f3n<\/option><option value=\"13 Ciudad Real\">13 Ciudad Real<\/option><option value=\"14 C\u00f3rdoba\">14 C\u00f3rdoba<\/option><option value=\"15 La Coru\u00f1a\">15 La Coru\u00f1a<\/option><option value=\"16 Cuenca\">16 Cuenca<\/option><option value=\"17 Gerona\">17 Gerona<\/option><option value=\"18 Granada\">18 Granada<\/option><option value=\"19 Guadalajara\">19 Guadalajara<\/option><option value=\"20 Guipoezcoa\">20 Guipoezcoa<\/option><option value=\"21 Huelva\">21 Huelva<\/option><option value=\"22 Huesca\">22 Huesca<\/option><option value=\"23 Ja\u00e9n\">23 Ja\u00e9n<\/option><option value=\"24 Le\u00f3n\">24 Le\u00f3n<\/option><option value=\"25 L\u00e9rida\">25 L\u00e9rida<\/option><option value=\"26 La Rioja\">26 La Rioja<\/option><option value=\"27 Lugo\">27 Lugo<\/option><option value=\"28 Madrid\">28 Madrid<\/option><option value=\"29 M\u00e1laga\">29 M\u00e1laga<\/option><option value=\"30 Murcia\">30 Murcia<\/option><option value=\"31 Navarra\">31 Navarra<\/option><option value=\"32 Orense\">32 Orense<\/option><option value=\"33 Asturias\">33 Asturias<\/option><option value=\"34 Palencia\">34 Palencia<\/option><option value=\"35 Las Palmas\">35 Las Palmas<\/option><option value=\"36 Pontevedra\">36 Pontevedra<\/option><option value=\"37 Salamanca\">37 Salamanca<\/option><option value=\"38 Santa Cruz de Tenerife\">38 Santa Cruz de Tenerife<\/option><option value=\"39 Cantabria\">39 Cantabria<\/option><option value=\"40 Segovia\">40 Segovia<\/option><option value=\"41 Sevilla\">41 Sevilla<\/option><option value=\"42 Soria\">42 Soria<\/option><option value=\"43 Tarragona\">43 Tarragona<\/option><option value=\"44 Teruel\">44 Teruel<\/option><option value=\"45 Toledo\">45 Toledo<\/option><option value=\"46 Valencia\">46 Valencia<\/option><option value=\"47 Valladolid\">47 Valladolid<\/option><option value=\"48 Vizcaya\">48 Vizcaya<\/option><option value=\"49 Zamora\">49 Zamora<\/option><option value=\"50 Zaragoza\">50 Zaragoza<\/option><option value=\"51 Ceuta\">51 Ceuta<\/option><option value=\"52 Melilla\">52 Melilla<\/option><\/select><\/span><\/label>\n<\/p>\n<input class=\"wpcf7-form-control wpcf7-hidden\" value=\"\" type=\"hidden\" name=\"your-province\" \/>\n<div style=\"margin:15px 0 15px 15px\">\n\t<div style=\"margin:0 0 0 25px\">\n\t<\/div>\n<\/div>\n<p>&nbsp;\n<\/p>\n<div class=\"wpb_column vc_column_container vc_col-sm-12\">\n\t<p><label style=\"color:white; float: left; padding-right: 10px; width: calc(100% - 20px); line-height: 17px; padding-top: 5px; font-size: 14px;\"><br \/>\n<span class=\"wpcf7-form-control-wrap\" data-name=\"acepto-politica\"><span class=\"wpcf7-form-control wpcf7-acceptance\"><span class=\"wpcf7-list-item\"><input type=\"checkbox\" name=\"acepto-politica\" value=\"1\" aria-invalid=\"false\" \/><\/span><\/span><\/span> &nbsp;He llegit i accepto la <a href=\"\/politica-de-privacitat\" target=\"_blank\">pol\u00edtica de privacitat<\/a><br \/>\n<\/label>\n\t<\/p>\n<\/div>\n<div style=\"clear:both\">\n\t<p>&nbsp;\n\t<\/p>\n<\/div>\n<div class=\"wpb_column vc_column_container vc_col-sm-4\">\n\t<p><input class=\"wpcf7-form-control wpcf7-submit has-spinner\" type=\"submit\" value=\"ENVIAR\" \/><img decoding=\"async\" class=\"formloader\" src=\"https:\/\/pensium.es\/wp-content\/uploads\/2022\/11\/Rolling-1s-24px-3.gif\" style=\"display:none\" \/>\n\t<\/p>\n<\/div>\n<p>&nbsp;\n<\/p>\n<div style=\"clear:both\">\n<\/div>\n<p style=\"color:white; font-size:12px;\">*Obligatoris\n<\/p><div class=\"wpcf7-form-control-wrap maspik-field\">\n                <label for=\"full-name-maspik-hp\" class=\"wpcf7-form-control-label\">Leave this field empty<\/label>\n                <input size=\"1\" type=\"text\" autocomplete=\"off\" aria-hidden=\"true\" tabindex=\"-1\" aria-label=\"Leave this field empty\" name=\"full-name-maspik-hp\" id=\"full-name-maspik-hp\" class=\"wpcf7-form-control wpcf7-text\" placeholder=\"Leave this field empty\">\n            <\/div><div class=\"wpcf7-response-output\" aria-hidden=\"true\"><\/div>\n<\/form>\n<\/div>\n[\/vc_column_inner][\/vc_row_inner][vc_empty_space height=&#8221;30px&#8221;][\/vc_column][\/vc_row]<\/p>\n<\/section>","protected":false},"excerpt":{"rendered":"<p>[vc_row full_width=&#8221;stretch_row&#8221; el_class=&#8221;row-centered-width no-margin-bottom&#8221; css=&#8221;.vc_custom_1753719510977{background-color: #fdeee7 !important;}&#8221;][vc_column][vc_empty_space height=&#8221;180px&#8221;][\/vc_column][\/vc_row][vc_row full_width=&#8221;stretch_row&#8221; el_class=&#8221;row-centered-width no-margin-bottom pago-de-residencia-banner-img-background quienes-title&#8221; css=&#8221;.vc_custom_1760003758796{background-image: url(https:\/\/pensium.es\/wp-content\/uploads\/2025\/08\/header-quienes-somos.jpg?id=17505) !important;background-position: center !important;background-repeat: no-repeat !important;background-size: cover !important;}&#8221;][vc_column width=&#8221;1\/6&#8243;][\/vc_column][vc_column width=&#8221;2\/3&#8243; el_class=&#8221;contenidor-centrat&#8221;][vc_empty_space height=&#8221;250px&#8221;][vc_column_text el_class=&#8221;text-lila interlletrat-espaiat&#8221;] Qu\u00e8 \u00e9s Pensium? [\/vc_column_text][vc_empty_space height=&#8221;20px&#8221;][\/vc_column][vc_column width=&#8221;1\/6&#8243;][\/vc_column][\/vc_row][vc_row full_width=&#8221;stretch_row_content&#8221; el_class=&#8221;no-margin-bottom no-margin-bottom grid-icones-pago-residencia p-restyling p-20px ombra-superior&#8221; css=&#8221;.vc_custom_1755686393440{background-color: #fdeee7 !important;}&#8221;][vc_column][vc_empty_space height=&#8221;40px&#8221;][\/vc_column][\/vc_row][vc_row full_width=&#8221;stretch_row&#8221; el_class=&#8221;no-margin-bottom no-margin-bottom grid-icones-pago-residencia p-restyling p-20px&#8221; css=&#8221;.vc_custom_1753973554321{background-color: #fdeee7 !important;}&#8221; anchor_link=&#8221;ventajas&#8221;][vc_column][vc_column_text]Pensium &#8230; <a class=\"excerpt-readmore\" href=\"https:\/\/pensium.es\/ca\/kwlogos\/la-unio-associacio-dentitats-sanitaries-i-socials\/\">Read More<\/a><\/p>\n","protected":false},"author":3,"featured_media":0,"parent":0,"menu_order":0,"comment_status":"open","ping_status":"closed","template":"","meta":{"footnotes":""},"class_list":["post-17363","page","type-page","status-publish","hentry"],"yoast_head":"<!-- This site is optimized with the Yoast SEO plugin v27.3 - https:\/\/yoast.com\/product\/yoast-seo-wordpress\/ -->\n<title>Pensium: Soluci\u00f3n para pagar la Residencia de Ancianos<\/title>\n<meta name=\"description\" content=\"Con Pensium su vivienda pagar\u00e1 el precio de la residencia de ancianos, manteniendo siempre la propiedad, sin hipotecas ni avales \u00a1Inf\u00f3rmese!\" \/>\n<meta name=\"robots\" content=\"index, follow, max-snippet:-1, max-image-preview:large, max-video-preview:-1\" \/>\n<link rel=\"canonical\" href=\"https:\/\/pensium.es\/ca\/qui-som\/\" \/>\n<meta property=\"og:locale\" content=\"ca_ES\" \/>\n<meta property=\"og:type\" content=\"article\" \/>\n<meta property=\"og:title\" content=\"Pensium: Soluci\u00f3n para pagar la Residencia de Ancianos\" \/>\n<meta property=\"og:description\" content=\"Con Pensium su vivienda pagar\u00e1 el precio de la residencia de ancianos, manteniendo siempre la propiedad, sin hipotecas ni avales \u00a1Inf\u00f3rmese!\" \/>\n<meta property=\"og:url\" content=\"https:\/\/pensium.es\/ca\/qui-som\/\" \/>\n<meta property=\"og:site_name\" content=\"Pensium\" \/>\n<meta property=\"article:publisher\" content=\"https:\/\/www.facebook.com\/pensium.es\/\" \/>\n<meta property=\"article:modified_time\" content=\"2026-03-23T11:32:43+00:00\" \/>\n<meta property=\"og:image\" content=\"https:\/\/pensium.es\/wp-content\/uploads\/2022\/04\/Pensium-spot-tv-e1651417389321.jpg\" \/>\n\t<meta property=\"og:image:width\" content=\"945\" \/>\n\t<meta property=\"og:image:height\" content=\"473\" \/>\n\t<meta property=\"og:image:type\" content=\"image\/jpeg\" \/>\n<meta name=\"twitter:card\" content=\"summary_large_image\" \/>\n<meta name=\"twitter:image\" content=\"https:\/\/pensium.es\/wp-content\/uploads\/2022\/04\/Pensium-spot-tv-e1651417389321.jpg\" \/>\n<meta name=\"twitter:label1\" content=\"Temps estimat de lectura\" \/>\n\t<meta name=\"twitter:data1\" content=\"8 minuts\" \/>\n<script type=\"application\/ld+json\" class=\"yoast-schema-graph\">{\"@context\":\"https:\\\/\\\/schema.org\",\"@graph\":[{\"@type\":\"WebPage\",\"@id\":\"https:\\\/\\\/pensium.es\\\/ca\\\/qui-som\\\/\",\"url\":\"https:\\\/\\\/pensium.es\\\/ca\\\/qui-som\\\/\",\"name\":\"Pensium: Soluci\u00f3n para pagar la Residencia de Ancianos\",\"isPartOf\":{\"@id\":\"https:\\\/\\\/pensium.es\\\/ca\\\/#website\"},\"datePublished\":\"2025-09-10T09:08:50+00:00\",\"dateModified\":\"2026-03-23T11:32:43+00:00\",\"description\":\"Con Pensium su vivienda pagar\u00e1 el precio de la residencia de ancianos, manteniendo siempre la propiedad, sin hipotecas ni avales \u00a1Inf\u00f3rmese!\",\"breadcrumb\":{\"@id\":\"https:\\\/\\\/pensium.es\\\/ca\\\/qui-som\\\/#breadcrumb\"},\"inLanguage\":\"ca\",\"potentialAction\":[{\"@type\":\"ReadAction\",\"target\":[\"https:\\\/\\\/pensium.es\\\/ca\\\/qui-som\\\/\"]}]},{\"@type\":\"BreadcrumbList\",\"@id\":\"https:\\\/\\\/pensium.es\\\/ca\\\/qui-som\\\/#breadcrumb\",\"itemListElement\":[{\"@type\":\"ListItem\",\"position\":1,\"name\":\"Inicio\",\"item\":\"https:\\\/\\\/pensium.es\\\/ca\\\/\"},{\"@type\":\"ListItem\",\"position\":2,\"name\":\"Qui som\"}]},{\"@type\":\"WebSite\",\"@id\":\"https:\\\/\\\/pensium.es\\\/ca\\\/#website\",\"url\":\"https:\\\/\\\/pensium.es\\\/ca\\\/\",\"name\":\"Pensium\",\"description\":\"Paga la resid\u00e8ncia de la gent gran amb l'avan\u00e7ament del lloguer de l'habitatge\",\"potentialAction\":[{\"@type\":\"SearchAction\",\"target\":{\"@type\":\"EntryPoint\",\"urlTemplate\":\"https:\\\/\\\/pensium.es\\\/ca\\\/?s={search_term_string}\"},\"query-input\":{\"@type\":\"PropertyValueSpecification\",\"valueRequired\":true,\"valueName\":\"search_term_string\"}}],\"inLanguage\":\"ca\"}]}<\/script>\n<!-- \/ Yoast SEO plugin. -->","yoast_head_json":{"title":"Pensium: Soluci\u00f3n para pagar la Residencia de Ancianos","description":"Con Pensium su vivienda pagar\u00e1 el precio de la residencia de ancianos, manteniendo siempre la propiedad, sin hipotecas ni avales \u00a1Inf\u00f3rmese!","robots":{"index":"index","follow":"follow","max-snippet":"max-snippet:-1","max-image-preview":"max-image-preview:large","max-video-preview":"max-video-preview:-1"},"canonical":"https:\/\/pensium.es\/ca\/qui-som\/","og_locale":"ca_ES","og_type":"article","og_title":"Pensium: Soluci\u00f3n para pagar la Residencia de Ancianos","og_description":"Con Pensium su vivienda pagar\u00e1 el precio de la residencia de ancianos, manteniendo siempre la propiedad, sin hipotecas ni avales \u00a1Inf\u00f3rmese!","og_url":"https:\/\/pensium.es\/ca\/qui-som\/","og_site_name":"Pensium","article_publisher":"https:\/\/www.facebook.com\/pensium.es\/","article_modified_time":"2026-03-23T11:32:43+00:00","og_image":[{"width":945,"height":473,"url":"https:\/\/pensium.es\/wp-content\/uploads\/2022\/04\/Pensium-spot-tv-e1651417389321.jpg","type":"image\/jpeg"}],"twitter_card":"summary_large_image","twitter_image":"https:\/\/pensium.es\/wp-content\/uploads\/2022\/04\/Pensium-spot-tv-e1651417389321.jpg","twitter_misc":{"Temps estimat de lectura":"8 minuts"},"schema":{"@context":"https:\/\/schema.org","@graph":[{"@type":"WebPage","@id":"https:\/\/pensium.es\/ca\/qui-som\/","url":"https:\/\/pensium.es\/ca\/qui-som\/","name":"Pensium: Soluci\u00f3n para pagar la Residencia de Ancianos","isPartOf":{"@id":"https:\/\/pensium.es\/ca\/#website"},"datePublished":"2025-09-10T09:08:50+00:00","dateModified":"2026-03-23T11:32:43+00:00","description":"Con Pensium su vivienda pagar\u00e1 el precio de la residencia de ancianos, manteniendo siempre la propiedad, sin hipotecas ni avales \u00a1Inf\u00f3rmese!","breadcrumb":{"@id":"https:\/\/pensium.es\/ca\/qui-som\/#breadcrumb"},"inLanguage":"ca","potentialAction":[{"@type":"ReadAction","target":["https:\/\/pensium.es\/ca\/qui-som\/"]}]},{"@type":"BreadcrumbList","@id":"https:\/\/pensium.es\/ca\/qui-som\/#breadcrumb","itemListElement":[{"@type":"ListItem","position":1,"name":"Inicio","item":"https:\/\/pensium.es\/ca\/"},{"@type":"ListItem","position":2,"name":"Qui som"}]},{"@type":"WebSite","@id":"https:\/\/pensium.es\/ca\/#website","url":"https:\/\/pensium.es\/ca\/","name":"Pensium","description":"Paga la resid\u00e8ncia de la gent gran amb l'avan\u00e7ament del lloguer de l'habitatge","potentialAction":[{"@type":"SearchAction","target":{"@type":"EntryPoint","urlTemplate":"https:\/\/pensium.es\/ca\/?s={search_term_string}"},"query-input":{"@type":"PropertyValueSpecification","valueRequired":true,"valueName":"search_term_string"}}],"inLanguage":"ca"}]}},"_links":{"self":[{"href":"https:\/\/pensium.es\/ca\/wp-json\/wp\/v2\/pages\/17363","targetHints":{"allow":["GET"]}}],"collection":[{"href":"https:\/\/pensium.es\/ca\/wp-json\/wp\/v2\/pages"}],"about":[{"href":"https:\/\/pensium.es\/ca\/wp-json\/wp\/v2\/types\/page"}],"author":[{"embeddable":true,"href":"https:\/\/pensium.es\/ca\/wp-json\/wp\/v2\/users\/3"}],"replies":[{"embeddable":true,"href":"https:\/\/pensium.es\/ca\/wp-json\/wp\/v2\/comments?post=17363"}],"version-history":[{"count":26,"href":"https:\/\/pensium.es\/ca\/wp-json\/wp\/v2\/pages\/17363\/revisions"}],"predecessor-version":[{"id":18602,"href":"https:\/\/pensium.es\/ca\/wp-json\/wp\/v2\/pages\/17363\/revisions\/18602"}],"wp:attachment":[{"href":"https:\/\/pensium.es\/ca\/wp-json\/wp\/v2\/media?parent=17363"}],"curies":[{"name":"wp","href":"https:\/\/api.w.org\/{rel}","templated":true}]}}