{"id":17676,"date":"2025-09-16T15:32:46","date_gmt":"2025-09-16T13:32:46","guid":{"rendered":"https:\/\/pensium.es\/?page_id=17676"},"modified":"2025-10-09T12:55:52","modified_gmt":"2025-10-09T10:55:52","slug":"preguntas-frecuentes","status":"publish","type":"page","link":"https:\/\/pensium.es\/gl\/pago-de-cuidador\/preguntas-frecuentes\/","title":{"rendered":"FAQS &#8211; Pago de cuidador"},"content":{"rendered":"<section class=\"wpb-content-wrapper\"><p>[vc_row full_width=&#8221;stretch_row&#8221; el_class=&#8221;row-centered-width no-margin-bottom&#8221; css=&#8221;.vc_custom_1755593578196{background-color: #ebe7ee !important;}&#8221;][vc_column][vc_empty_space height=&#8221;255px&#8221;][\/vc_column][\/vc_row][vc_row full_width=&#8221;stretch_row&#8221; el_class=&#8221;row-centered-width no-margin-bottom&#8221; css=&#8221;.vc_custom_1755593578196{background-color: #ebe7ee !important;}&#8221;][vc_column][vc_row_inner][vc_column_inner][vc_column_text el_class=&#8221;p-restyling interlletrat-espaiat&#8221;]<\/p>\n<h2 style=\"text-align: center;\"><strong>PREGUNTAS FRECUENTES<\/strong><\/h2>\n<p>[\/vc_column_text][\/vc_column_inner][\/vc_row_inner][\/vc_column][\/vc_row][vc_row full_width=&#8221;stretch_row&#8221; el_class=&#8221;no-margin-bottom no-margin-bottom&#8221; css=&#8221;.vc_custom_1755593583983{background-color: #ebe7ee !important;}&#8221;][vc_column][vc_row_inner el_class=&#8221;pago-residencia-faqs&#8221;][vc_column_inner][vc_toggle title=&#8221;Canto tempo podo ter as achegas?&#8221; style=&#8221;round&#8221; color=&#8221;orange&#8221; size=&#8221;sm&#8221;]Pensium fai unha proposta personalizada adaptada a cada caso. O contrato inicial pode ser de ata 5 anos para pagar a atenci\u00f3n domiciliaria e, se durante estes 5 anos ou ao final, a vivenda permanece baleira (traslado a unha residencia), as achegas poden manterse durante 2 anos m\u00e1is.[\/vc_toggle][vc_toggle title=&#8221;E se ao final dos 5 anos o meu familiar quere quedar na casa?&#8221; style=&#8221;round&#8221; color=&#8221;orange&#8221; size=&#8221;sm&#8221;]Real\u00edzase un novo estudo para avaliar a renovaci\u00f3n do programa. Se non fose posible, as achegas rematar\u00edan, pero garantimos que o seu familiar pode quedar na casa ata o seu falecemento. Pensium nunca reclamar\u00e1 a vivenda polo aluguer nin o importe das achegas mentres o seu familiar viva na residencia.[\/vc_toggle][vc_toggle title=&#8221;Que ocorre se me asignan unha axuda e xa non necesito o di\u00f1eiro que me deron?&#8221; style=&#8221;round&#8221; color=&#8221;orange&#8221; size=&#8221;sm&#8221;]Pode reducir ou rematar as achegas cando o considere oportuno. A d\u00e9beda acumulada ata ese momento p\u00f3dese amortizar mediante o alugueiro cando a vivenda quede baleira (por mudanza ou falecemento), ou p\u00f3dese liquidar en calquera momento sen ning\u00fan custo adicional (s\u00f3 pagando o importe da d\u00e9beda acumulada ata ese momento).[\/vc_toggle][vc_toggle title=&#8221;Como se decide o prezo do alugueiro?&#8221; style=&#8221;round&#8221; color=&#8221;orange&#8221; size=&#8221;sm&#8221;]Sempre \u00e9 a prezo de mercado. Os especialistas inmobiliarios fan unha valoraci\u00f3n para obter o importe de alugueiro \u00f3ptimo e axeitado.[\/vc_toggle][vc_toggle title=&#8221;E que pasa se o piso non se aluga por estar en mal estado?&#8221; style=&#8221;round&#8221; color=&#8221;orange&#8221; size=&#8221;sm&#8221;]Este servizo xa prev\u00e9 unha cantidade para a adaptaci\u00f3n da vivenda para o alugueiro (pintura e calquera reparaci\u00f3n que sexa necesaria para po\u00f1er a vivenda no mercado ao prezo \u00f3ptimo).[\/vc_toggle][vc_toggle title=&#8221;E que pasa se decido non alugar a vivenda?&#8221; style=&#8221;round&#8221; color=&#8221;orange&#8221; size=&#8221;sm&#8221;]O programa PENSIUM est\u00e1 dese\u00f1ado para que o importe das achegas e os gastos do programa se devolvan cos alugueiros, pero se cando a vivenda est\u00e1 baleira a familia non quere alugar, p\u00f3dese amortizar a cantidade de d\u00e9beda acumulada nese momento (por venda, pago por parte dun familiar que queira usar a vivenda, etc.).[\/vc_toggle][vc_toggle title=&#8221;Se quero cancelar o financiamento, que debo facer?&#8221; style=&#8221;round&#8221; color=&#8221;orange&#8221; size=&#8221;sm&#8221;]P\u00f3dese cancelar en calquera momento, s\u00f3 hai que amortizar a d\u00e9beda acumulada nese momento.[\/vc_toggle][vc_toggle title=&#8221;Cando se devolveu o di\u00f1eiro, podo vender ou usar a vivenda?&#8221; style=&#8221;round&#8221; color=&#8221;orange&#8221; size=&#8221;sm&#8221;]Se hai un contrato de alugueiro vixente, os inquilinos te\u00f1en dereito a conservalo ata o seu vencemento. Se se quere finalizar o contrato de alugueiro anticipadamente, d\u00e9bese comunicar e acordar cos inquilinos ou p\u00f3dese optar pola venda da vivenda alugada.[\/vc_toggle][vc_toggle title=&#8221;Pode este financiamento afectar \u00e1s subvenci\u00f3ns que se solicitan (PEVS)?&#8221; style=&#8221;round&#8221; color=&#8221;orange&#8221; size=&#8221;sm&#8221;]Non, o importe das achegas \u00e9 financiamento en forma de anticipo de alugueiro, polo que non infl\u00fae no c\u00e1lculo da capacidade econ\u00f3mica que se pode considerar para a asignaci\u00f3n da axuda financeira.[\/vc_toggle][vc_toggle title=&#8221;O financiamento ten impacto fiscal?&#8221; style=&#8221;round&#8221; color=&#8221;orange&#8221; size=&#8221;sm&#8221;]Durante o per\u00edodo de achegas \u00e1 vivenda, non ten impacto fiscal. No momento en que Pensium comeza a xestionar e cobrar o aluguer para amortizar a d\u00e9beda, o importe do aluguer neto calc\u00falase na declaraci\u00f3n da renda dos propietarios mentres se cobra o aluguer.[\/vc_toggle][\/vc_column_inner][\/vc_row_inner][\/vc_column][\/vc_row][vc_row full_width=&#8221;stretch_row&#8221; el_class=&#8221;no-margin-bottom tramites-dependencia-wrapper&#8221; css=&#8221;.vc_custom_1752059037415{background-color: #cdc4d3 !important;}&#8221;][vc_column el_class=&#8221;apartat-ajuntament-barcelona contenidor-centrat&#8221;][vc_row_inner][vc_column_inner][vc_empty_space height=&#8221;60px&#8221;][vc_column_text]<\/p>\n<p style=\"text-align: center !important;\"><strong>EST\u00c1S NUNHA SITUACI\u00d3N SIMILAR?<br \/>\nDescubra como podemos axudarlle.<\/strong><\/p>\n<p>[\/vc_column_text][vc_empty_space height=&#8221;20px&#8221;][vc_column_text el_class=&#8221;title-button-styled color-white&#8221;]<a href=\"#formulario-solicitar-informacion\">Solicita <strong>asesoramento<\/strong> gratu\u00edto<\/a>[\/vc_column_text][vc_empty_space height=&#8221;60px&#8221;][\/vc_column_inner][\/vc_row_inner][\/vc_column][\/vc_row][vc_row full_width=&#8221;stretch_row&#8221; css=&#8221;.vc_custom_1754031945707{background-color: #fdeee7 !important;}&#8221; el_class=&#8221;p-restyling p-centrat ombra-superior p-30px&#8221;][vc_column][vc_empty_space height=&#8221;40px&#8221;][vc_column_text]Lembra que <strong>podemos axudarche a tramitar<\/strong> a solicitude do <strong>grao de dependencia<\/strong>[\/vc_column_text][vc_empty_space height=&#8221;20px&#8221;][vc_single_image image=&#8221;15749&#8243; img_size=&#8221;full&#8221; alignment=&#8221;center&#8221; onclick=&#8221;custom_link&#8221; img_link_target=&#8221;_blank&#8221; link=&#8221;https:\/\/tramitesdependencia.es\/&#8221; el_class=&#8221;img-max-400&#8243;][vc_empty_space height=&#8221;40px&#8221;][\/vc_column][\/vc_row][vc_row wide_row=&#8221;yes&#8221; css=&#8221;.vc_custom_1752851597185{margin-bottom: 0px !important;background-image: url(https:\/\/pensium.es\/wp-content\/uploads\/2017\/01\/pensium-slide4-e1504911837573.jpg?id=4319) !important;background-position: center !important;background-repeat: no-repeat !important;background-size: cover !important;}&#8221; anchor_link=&#8221;formulario-solicitar-informacion&#8221;][vc_column width=&#8221;2\/3&#8243;][vc_empty_space height=&#8221;75px&#8221;][vc_empty_space height=&#8221;65px&#8221;][vc_column_text css=&#8221;.vc_custom_1760001738234{margin-top: 0px !important;margin-bottom: 0px !important;border-top-width: 0px !important;border-bottom-width: 0px !important;padding-top: 0px !important;padding-bottom: 20px !important;}&#8221; el_class=&#8221;capitalize-letters interlletrat-espaiat&#8221;]<\/p>\n<h2 style=\"text-align: left;\"><strong><span style=\"color: #361251; font-size: 1.5em;\">Pagarlle a un coidador a domicilio pode ser moi doado<\/span><\/strong><\/h2>\n<h2 style=\"text-align: left;\"><strong><span style=\"color: #361251; font-size: 1em;\">Financiamos un coidador a domicilio para ti<\/span><\/strong><\/h2>\n<p>[\/vc_column_text]<div class=\"list check orange \"><\/p>\n<ul>\n<li><span style=\"color: #361251; font-size: 1.4em;\">Sen facer ning\u00fan pago nin desembolso<\/span><\/li>\n<li><span style=\"color: #361251; font-size: 1.4em;\">Con total flexibilidade<\/span><\/li>\n<li><span style=\"color: #361251; font-size: 1.4em;\">Con achegas peri\u00f3dicas garantidas<\/span><\/li>\n<\/ul>\n<p><\/div>[\/vc_column][vc_column width=&#8221;1\/3&#8243;][vc_empty_space height=&#8221;50px&#8221;][vc_row_inner css=&#8221;.vc_custom_1602080616567{background-color: #361251 !important;}&#8221;][vc_column_inner][vc_column_text css=&#8221;.vc_custom_1760007349271{margin-top: 0px !important;margin-bottom: 0px !important;border-top-width: 0px !important;border-bottom-width: 0px !important;padding-top: 0px !important;padding-bottom: 0px !important;}&#8221;]<\/p>\n<h2 id=\"formulario\" style=\"text-align: center;\"><span style=\"color: #ffffff; font-size: 1em;\"><strong>ESTUDAMOS O SEU CASO SEN COMPROMISO<br \/>\n<\/strong><\/span><\/h2>\n<p>[\/vc_column_text][vc_empty_space height=&#8221;15px&#8221;]\n<div class=\"wpcf7 no-js\" id=\"wpcf7-f18003-o1\" lang=\"gl-ES\" dir=\"ltr\" data-wpcf7-id=\"18003\">\n<div class=\"screen-reader-response\"><p role=\"status\" aria-live=\"polite\" aria-atomic=\"true\"><\/p> <ul><\/ul><\/div>\n<form action=\"\/gl\/wp-json\/wp\/v2\/pages\/17676#wpcf7-f18003-o1\" method=\"post\" class=\"wpcf7-form init wpcf7-acceptance-as-validation\" aria-label=\"Formulario de contacto\" novalidate=\"novalidate\" data-status=\"init\">\n<fieldset class=\"hidden-fields-container\"><input type=\"hidden\" name=\"_wpcf7\" value=\"18003\" \/><input type=\"hidden\" name=\"_wpcf7_version\" value=\"6.1.5\" \/><input type=\"hidden\" name=\"_wpcf7_locale\" value=\"gl_ES\" \/><input type=\"hidden\" name=\"_wpcf7_unit_tag\" value=\"wpcf7-f18003-o1\" \/><input type=\"hidden\" name=\"_wpcf7_container_post\" value=\"0\" \/><input type=\"hidden\" name=\"_wpcf7_posted_data_hash\" value=\"\" \/><input type=\"hidden\" name=\"_wpcf7dtx_version\" value=\"5.0.5\" \/><input type=\"hidden\" name=\"context_from_page\" value=\"\" \/><input type=\"hidden\" name=\"_wpcf7_recaptcha_response\" value=\"\" \/>\n<\/fieldset>\n<p class=\"visible\" style=\"display:none;\"><label><span  style=\"color: white;\">Que precisas?*<\/span> <span class=\"wpcf7-form-control-wrap\" data-name=\"tipo-pago\"><select class=\"wpcf7-form-control wpcf7-select\" aria-invalid=\"false\" name=\"tipo-pago\"><option value=\"\"><\/option><option value=\"Pago de residencia\">Pago de residencia<\/option><option value=\"Pago do coidador\">Pago do coidador<\/option><\/select><\/span><\/label>\n<\/p>\n<p><span class=\"wpcf7-form-control-wrap\" data-name=\"your-name\"><input size=\"40\" maxlength=\"400\" class=\"wpcf7-form-control wpcf7-text wpcf7-validates-as-required\" aria-required=\"true\" aria-invalid=\"false\" placeholder=\"Nome e apelidos*\" value=\"\" type=\"text\" name=\"your-name\" \/><\/span>\n<\/p>\n<p><span class=\"wpcf7-form-control-wrap\" data-name=\"your-email\"><input size=\"40\" maxlength=\"400\" class=\"wpcf7-form-control wpcf7-email wpcf7-validates-as-required wpcf7-text wpcf7-validates-as-email\" aria-required=\"true\" aria-invalid=\"false\" placeholder=\"E-mail*\" value=\"\" type=\"email\" name=\"your-email\" \/><\/span>\n<\/p>\n<p><span class=\"wpcf7-form-control-wrap\" data-name=\"your-phone\"><input size=\"40\" maxlength=\"400\" class=\"wpcf7-form-control wpcf7-text wpcf7-validates-as-required\" aria-required=\"true\" aria-invalid=\"false\" placeholder=\"Tel\u00e9fono*\" value=\"\" type=\"text\" name=\"your-phone\" \/><\/span>\n<\/p>\n<p><span class=\"wpcf7-form-control-wrap\" data-name=\"your-Population\"><input size=\"40\" maxlength=\"400\" class=\"wpcf7-form-control wpcf7-text wpcf7-validates-as-required\" aria-required=\"true\" aria-invalid=\"false\" placeholder=\"Poboaci\u00f3n*\" value=\"\" type=\"text\" name=\"your-Population\" \/><\/span>\n<\/p>\n<p><span class=\"wpcf7-form-control-wrap\" data-name=\"Comonoshaconocido\"><input size=\"40\" maxlength=\"400\" class=\"wpcf7-form-control wpcf7-text wpcf7-validates-as-required\" aria-required=\"true\" aria-invalid=\"false\" placeholder=\"Como soubeches de n\u00f3s?*\" value=\"\" type=\"text\" name=\"Comonoshaconocido\" \/><\/span>\n<\/p>\n<span class=\"wpcf7-form-control-wrap dte-url\" data-name=\"dte-url\"><input type=\"hidden\" name=\"dte-url\" class=\"wpcf7-form-control wpcf7-hidden wpcf7dtx wpcf7dtx-hidden\" aria-invalid=\"false\" value=\"\/gl\/wp-json\/wp\/v2\/pages\/17676\"><\/span>\n<p><label><span  style=\"color: white;\">Provincia*<\/span><span class=\"wpcf7-form-control-wrap\" data-name=\"email-to\"><select class=\"wpcf7-form-control wpcf7-select wpcf7-validates-as-required your-province\" aria-required=\"true\" aria-invalid=\"false\" name=\"email-to\"><option value=\"\"><\/option><option value=\"01 \u00c1lava\">01 \u00c1lava<\/option><option value=\"02 Albacete\">02 Albacete<\/option><option value=\"03 Alicante\">03 Alicante<\/option><option value=\"04 Almer\u00cda\">04 Almer\u00cda<\/option><option value=\"05 \u00c1vila\">05 \u00c1vila<\/option><option value=\"06 Badajoz\">06 Badajoz<\/option><option value=\"08 Barcelona\">08 Barcelona<\/option><option value=\"09 Burgos\">09 Burgos<\/option><option value=\"10 C\u00e1ceres\">10 C\u00e1ceres<\/option><option value=\"11 C\u00e1diz\">11 C\u00e1diz<\/option><option value=\"12 Castell\u00f3n\">12 Castell\u00f3n<\/option><option value=\"13 Ciudad Real\">13 Ciudad Real<\/option><option value=\"14 C\u00f3rdoba\">14 C\u00f3rdoba<\/option><option value=\"15 La Coru\u00f1a\">15 La Coru\u00f1a<\/option><option value=\"16 Cuenca\">16 Cuenca<\/option><option value=\"17 Gerona\">17 Gerona<\/option><option value=\"18 Granada\">18 Granada<\/option><option value=\"19 Guadalajara\">19 Guadalajara<\/option><option value=\"20 Guipoezcoa\">20 Guipoezcoa<\/option><option value=\"21 Huelva\">21 Huelva<\/option><option value=\"22 Huesca\">22 Huesca<\/option><option value=\"23 Ja\u00e9n\">23 Ja\u00e9n<\/option><option value=\"24 Le\u00f3n\">24 Le\u00f3n<\/option><option value=\"25 L\u00e9rida\">25 L\u00e9rida<\/option><option value=\"26 La Rioja\">26 La Rioja<\/option><option value=\"27 Lugo\">27 Lugo<\/option><option value=\"28 Madrid\">28 Madrid<\/option><option value=\"29 M\u00e1laga\">29 M\u00e1laga<\/option><option value=\"30 Murcia\">30 Murcia<\/option><option value=\"31 Navarra\">31 Navarra<\/option><option value=\"32 Orense\">32 Orense<\/option><option value=\"33 Asturias\">33 Asturias<\/option><option value=\"34 Palencia\">34 Palencia<\/option><option value=\"35 Las Palmas\">35 Las Palmas<\/option><option value=\"36 Pontevedra\">36 Pontevedra<\/option><option value=\"37 Salamanca\">37 Salamanca<\/option><option value=\"38 Santa Cruz de Tenerife\">38 Santa Cruz de Tenerife<\/option><option value=\"39 Cantabria\">39 Cantabria<\/option><option value=\"40 Segovia\">40 Segovia<\/option><option value=\"41 Sevilla\">41 Sevilla<\/option><option value=\"42 Soria\">42 Soria<\/option><option value=\"43 Tarragona\">43 Tarragona<\/option><option value=\"44 Teruel\">44 Teruel<\/option><option value=\"45 Toledo\">45 Toledo<\/option><option value=\"46 Valencia\">46 Valencia<\/option><option value=\"47 Valladolid\">47 Valladolid<\/option><option value=\"48 Vizcaya\">48 Vizcaya<\/option><option value=\"49 Zamora\">49 Zamora<\/option><option value=\"50 Zaragoza\">50 Zaragoza<\/option><option value=\"51 Ceuta\">51 Ceuta<\/option><option value=\"52 Melilla\">52 Melilla<\/option><\/select><\/span><\/label>\n<\/p>\n<input class=\"wpcf7-form-control wpcf7-hidden\" value=\"\" type=\"hidden\" name=\"your-province\" \/>\n<div style=\"margin:15px 0 15px 15px\">\n\t<div style=\"margin:0 0 0 25px\">\n\t<\/div>\n<\/div>\n<p>&nbsp;\n<\/p>\n<div class=\"wpb_column vc_column_container vc_col-sm-12\">\n\t<p><label style=\"color:white; float: left; padding-right: 10px; width: calc(100% - 20px); line-height: 17px; padding-top: 5px; font-size: 14px;\"><br \/>\n<span class=\"wpcf7-form-control-wrap\" data-name=\"acepto-politica\"><span class=\"wpcf7-form-control wpcf7-acceptance\"><span class=\"wpcf7-list-item\"><input type=\"checkbox\" name=\"acepto-politica\" value=\"1\" aria-invalid=\"false\" \/><\/span><\/span><\/span> &nbsp;Lin e acepto a <a href=\"\/politica-de-privacidad\" target=\"_blank\">pol\u00edtica de privacidade<\/a><br \/>\n<\/label>\n\t<\/p>\n<\/div>\n<div style=\"clear:both\">\n\t<p>&nbsp;\n\t<\/p>\n<\/div>\n<div class=\"wpb_column vc_column_container vc_col-sm-4\">\n\t<p><input class=\"wpcf7-form-control wpcf7-submit has-spinner\" type=\"submit\" value=\"ENVIAR\" \/><img decoding=\"async\" class=\"formloader\" src=\"https:\/\/pensium.es\/wp-content\/uploads\/2022\/11\/Rolling-1s-24px-3.gif\" style=\"display:none\" \/>\n\t<\/p>\n<\/div>\n<p>&nbsp;\n<\/p>\n<div style=\"clear:both\">\n<\/div>\n<p style=\"color:white; font-size:12px;\">*Obrigatorio\n<\/p><div class=\"wpcf7-form-control-wrap maspik-field\">\n                <label for=\"full-name-maspik-hp\" class=\"wpcf7-form-control-label\">Leave this field empty<\/label>\n                <input size=\"1\" type=\"text\" autocomplete=\"off\" aria-hidden=\"true\" tabindex=\"-1\" aria-label=\"Leave this field empty\" name=\"full-name-maspik-hp\" id=\"full-name-maspik-hp\" class=\"wpcf7-form-control wpcf7-text\" placeholder=\"Leave this field empty\">\n            <\/div><div class=\"wpcf7-response-output\" aria-hidden=\"true\"><\/div>\n<\/form>\n<\/div>\n[\/vc_column_inner][\/vc_row_inner][vc_empty_space height=&#8221;30px&#8221;][\/vc_column][\/vc_row]<\/p>\n<\/section>","protected":false},"excerpt":{"rendered":"<p>[vc_row full_width=&#8221;stretch_row&#8221; el_class=&#8221;row-centered-width no-margin-bottom&#8221; css=&#8221;.vc_custom_1755593578196{background-color: #ebe7ee !important;}&#8221;][vc_column][vc_empty_space height=&#8221;255px&#8221;][\/vc_column][\/vc_row][vc_row full_width=&#8221;stretch_row&#8221; el_class=&#8221;row-centered-width no-margin-bottom&#8221; css=&#8221;.vc_custom_1755593578196{background-color: #ebe7ee !important;}&#8221;][vc_column][vc_row_inner][vc_column_inner][vc_column_text el_class=&#8221;p-restyling interlletrat-espaiat&#8221;] PREGUNTAS FRECUENTES [\/vc_column_text][\/vc_column_inner][\/vc_row_inner][\/vc_column][\/vc_row][vc_row full_width=&#8221;stretch_row&#8221; el_class=&#8221;no-margin-bottom no-margin-bottom&#8221; css=&#8221;.vc_custom_1755593583983{background-color: #ebe7ee !important;}&#8221;][vc_column][vc_row_inner el_class=&#8221;pago-residencia-faqs&#8221;][vc_column_inner][vc_toggle title=&#8221;Canto tempo podo ter as achegas?&#8221; style=&#8221;round&#8221; color=&#8221;orange&#8221; size=&#8221;sm&#8221;]Pensium fai unha proposta personalizada adaptada a cada caso. O contrato inicial pode ser de ata 5 anos para pagar a &#8230; <a class=\"excerpt-readmore\" href=\"https:\/\/pensium.es\/gl\/pago-de-cuidador\/preguntas-frecuentes\/\">Read More<\/a><\/p>\n","protected":false},"author":3,"featured_media":0,"parent":17670,"menu_order":0,"comment_status":"open","ping_status":"closed","template":"","meta":{"footnotes":""},"class_list":["post-17676","page","type-page","status-publish","hentry"],"yoast_head":"<!-- This site is optimized with the Yoast SEO plugin v27.3 - https:\/\/yoast.com\/product\/yoast-seo-wordpress\/ -->\n<title>Pensium: Soluci\u00f3n para pagar la Residencia de Ancianos<\/title>\n<meta name=\"description\" content=\"Con Pensium su vivienda pagar\u00e1 el precio de la residencia de ancianos, manteniendo siempre la propiedad, sin hipotecas ni avales \u00a1Inf\u00f3rmese!\" \/>\n<meta name=\"robots\" content=\"index, follow, max-snippet:-1, max-image-preview:large, max-video-preview:-1\" \/>\n<link rel=\"canonical\" href=\"https:\/\/pensium.es\/gl\/pago-de-cuidador\/preguntas-frecuentes\/\" \/>\n<meta property=\"og:locale\" content=\"gl_ES\" \/>\n<meta property=\"og:type\" content=\"article\" \/>\n<meta property=\"og:title\" content=\"Pensium: Soluci\u00f3n para pagar la Residencia de Ancianos\" \/>\n<meta property=\"og:description\" content=\"Con Pensium su vivienda pagar\u00e1 el precio de la residencia de ancianos, manteniendo siempre la propiedad, sin hipotecas ni avales \u00a1Inf\u00f3rmese!\" \/>\n<meta property=\"og:url\" content=\"https:\/\/pensium.es\/gl\/pago-de-cuidador\/preguntas-frecuentes\/\" \/>\n<meta property=\"og:site_name\" content=\"Pensium\" \/>\n<meta property=\"article:publisher\" content=\"https:\/\/www.facebook.com\/pensium.es\/\" \/>\n<meta property=\"article:modified_time\" content=\"2025-10-09T10:55:52+00:00\" \/>\n<meta property=\"og:image\" content=\"https:\/\/pensium.es\/wp-content\/uploads\/2022\/04\/Pensium-spot-tv-e1651417389321.jpg\" \/>\n\t<meta property=\"og:image:width\" content=\"945\" \/>\n\t<meta property=\"og:image:height\" content=\"473\" \/>\n\t<meta property=\"og:image:type\" content=\"image\/jpeg\" \/>\n<meta name=\"twitter:card\" content=\"summary_large_image\" \/>\n<meta name=\"twitter:image\" content=\"https:\/\/pensium.es\/wp-content\/uploads\/2022\/04\/Pensium-spot-tv-e1651417389321.jpg\" \/>\n<meta name=\"twitter:label1\" content=\"Tempo de lectura\" \/>\n\t<meta name=\"twitter:data1\" content=\"4 minutos\" \/>\n<script type=\"application\/ld+json\" class=\"yoast-schema-graph\">{\"@context\":\"https:\\\/\\\/schema.org\",\"@graph\":[{\"@type\":\"WebPage\",\"@id\":\"https:\\\/\\\/pensium.es\\\/gl\\\/pago-de-cuidador\\\/preguntas-frecuentes\\\/\",\"url\":\"https:\\\/\\\/pensium.es\\\/gl\\\/pago-de-cuidador\\\/preguntas-frecuentes\\\/\",\"name\":\"Pensium: Soluci\u00f3n para pagar la Residencia de Ancianos\",\"isPartOf\":{\"@id\":\"https:\\\/\\\/pensium.es\\\/gl\\\/#website\"},\"datePublished\":\"2025-09-16T13:32:46+00:00\",\"dateModified\":\"2025-10-09T10:55:52+00:00\",\"description\":\"Con Pensium su vivienda pagar\u00e1 el precio de la residencia de ancianos, manteniendo siempre la propiedad, sin hipotecas ni avales \u00a1Inf\u00f3rmese!\",\"breadcrumb\":{\"@id\":\"https:\\\/\\\/pensium.es\\\/gl\\\/pago-de-cuidador\\\/preguntas-frecuentes\\\/#breadcrumb\"},\"inLanguage\":\"gl-ES\",\"potentialAction\":[{\"@type\":\"ReadAction\",\"target\":[\"https:\\\/\\\/pensium.es\\\/gl\\\/pago-de-cuidador\\\/preguntas-frecuentes\\\/\"]}]},{\"@type\":\"BreadcrumbList\",\"@id\":\"https:\\\/\\\/pensium.es\\\/gl\\\/pago-de-cuidador\\\/preguntas-frecuentes\\\/#breadcrumb\",\"itemListElement\":[{\"@type\":\"ListItem\",\"position\":1,\"name\":\"Inicio\",\"item\":\"https:\\\/\\\/pensium.es\\\/gl\\\/\"},{\"@type\":\"ListItem\",\"position\":2,\"name\":\"Pago de cuidador\",\"item\":\"https:\\\/\\\/pensium.es\\\/gl\\\/pago-de-cuidador\\\/\"},{\"@type\":\"ListItem\",\"position\":3,\"name\":\"FAQS &#8211; Pago de cuidador\"}]},{\"@type\":\"WebSite\",\"@id\":\"https:\\\/\\\/pensium.es\\\/gl\\\/#website\",\"url\":\"https:\\\/\\\/pensium.es\\\/gl\\\/\",\"name\":\"Pensium\",\"description\":\"Pagar a residencia de maiores co pago anticipado do alugueiro\",\"potentialAction\":[{\"@type\":\"SearchAction\",\"target\":{\"@type\":\"EntryPoint\",\"urlTemplate\":\"https:\\\/\\\/pensium.es\\\/gl\\\/?s={search_term_string}\"},\"query-input\":{\"@type\":\"PropertyValueSpecification\",\"valueRequired\":true,\"valueName\":\"search_term_string\"}}],\"inLanguage\":\"gl-ES\"}]}<\/script>\n<!-- \/ Yoast SEO plugin. -->","yoast_head_json":{"title":"Pensium: Soluci\u00f3n para pagar la Residencia de Ancianos","description":"Con Pensium su vivienda pagar\u00e1 el precio de la residencia de ancianos, manteniendo siempre la propiedad, sin hipotecas ni avales \u00a1Inf\u00f3rmese!","robots":{"index":"index","follow":"follow","max-snippet":"max-snippet:-1","max-image-preview":"max-image-preview:large","max-video-preview":"max-video-preview:-1"},"canonical":"https:\/\/pensium.es\/gl\/pago-de-cuidador\/preguntas-frecuentes\/","og_locale":"gl_ES","og_type":"article","og_title":"Pensium: Soluci\u00f3n para pagar la Residencia de Ancianos","og_description":"Con Pensium su vivienda pagar\u00e1 el precio de la residencia de ancianos, manteniendo siempre la propiedad, sin hipotecas ni avales \u00a1Inf\u00f3rmese!","og_url":"https:\/\/pensium.es\/gl\/pago-de-cuidador\/preguntas-frecuentes\/","og_site_name":"Pensium","article_publisher":"https:\/\/www.facebook.com\/pensium.es\/","article_modified_time":"2025-10-09T10:55:52+00:00","og_image":[{"width":945,"height":473,"url":"https:\/\/pensium.es\/wp-content\/uploads\/2022\/04\/Pensium-spot-tv-e1651417389321.jpg","type":"image\/jpeg"}],"twitter_card":"summary_large_image","twitter_image":"https:\/\/pensium.es\/wp-content\/uploads\/2022\/04\/Pensium-spot-tv-e1651417389321.jpg","twitter_misc":{"Tempo de lectura":"4 minutos"},"schema":{"@context":"https:\/\/schema.org","@graph":[{"@type":"WebPage","@id":"https:\/\/pensium.es\/gl\/pago-de-cuidador\/preguntas-frecuentes\/","url":"https:\/\/pensium.es\/gl\/pago-de-cuidador\/preguntas-frecuentes\/","name":"Pensium: Soluci\u00f3n para pagar la Residencia de Ancianos","isPartOf":{"@id":"https:\/\/pensium.es\/gl\/#website"},"datePublished":"2025-09-16T13:32:46+00:00","dateModified":"2025-10-09T10:55:52+00:00","description":"Con Pensium su vivienda pagar\u00e1 el precio de la residencia de ancianos, manteniendo siempre la propiedad, sin hipotecas ni avales \u00a1Inf\u00f3rmese!","breadcrumb":{"@id":"https:\/\/pensium.es\/gl\/pago-de-cuidador\/preguntas-frecuentes\/#breadcrumb"},"inLanguage":"gl-ES","potentialAction":[{"@type":"ReadAction","target":["https:\/\/pensium.es\/gl\/pago-de-cuidador\/preguntas-frecuentes\/"]}]},{"@type":"BreadcrumbList","@id":"https:\/\/pensium.es\/gl\/pago-de-cuidador\/preguntas-frecuentes\/#breadcrumb","itemListElement":[{"@type":"ListItem","position":1,"name":"Inicio","item":"https:\/\/pensium.es\/gl\/"},{"@type":"ListItem","position":2,"name":"Pago de cuidador","item":"https:\/\/pensium.es\/gl\/pago-de-cuidador\/"},{"@type":"ListItem","position":3,"name":"FAQS &#8211; Pago de cuidador"}]},{"@type":"WebSite","@id":"https:\/\/pensium.es\/gl\/#website","url":"https:\/\/pensium.es\/gl\/","name":"Pensium","description":"Pagar a residencia de maiores co pago anticipado do alugueiro","potentialAction":[{"@type":"SearchAction","target":{"@type":"EntryPoint","urlTemplate":"https:\/\/pensium.es\/gl\/?s={search_term_string}"},"query-input":{"@type":"PropertyValueSpecification","valueRequired":true,"valueName":"search_term_string"}}],"inLanguage":"gl-ES"}]}},"_links":{"self":[{"href":"https:\/\/pensium.es\/gl\/wp-json\/wp\/v2\/pages\/17676","targetHints":{"allow":["GET"]}}],"collection":[{"href":"https:\/\/pensium.es\/gl\/wp-json\/wp\/v2\/pages"}],"about":[{"href":"https:\/\/pensium.es\/gl\/wp-json\/wp\/v2\/types\/page"}],"author":[{"embeddable":true,"href":"https:\/\/pensium.es\/gl\/wp-json\/wp\/v2\/users\/3"}],"replies":[{"embeddable":true,"href":"https:\/\/pensium.es\/gl\/wp-json\/wp\/v2\/comments?post=17676"}],"version-history":[{"count":8,"href":"https:\/\/pensium.es\/gl\/wp-json\/wp\/v2\/pages\/17676\/revisions"}],"predecessor-version":[{"id":18383,"href":"https:\/\/pensium.es\/gl\/wp-json\/wp\/v2\/pages\/17676\/revisions\/18383"}],"up":[{"embeddable":true,"href":"https:\/\/pensium.es\/gl\/wp-json\/wp\/v2\/pages\/17670"}],"wp:attachment":[{"href":"https:\/\/pensium.es\/gl\/wp-json\/wp\/v2\/media?parent=17676"}],"curies":[{"name":"wp","href":"https:\/\/api.w.org\/{rel}","templated":true}]}}