{"id":18572,"date":"2026-03-12T14:29:39","date_gmt":"2026-03-12T12:29:39","guid":{"rendered":"https:\/\/pensium.es\/?page_id=18572"},"modified":"2026-03-12T14:30:46","modified_gmt":"2026-03-12T12:30:46","slug":"quen-somos-2","status":"publish","type":"page","link":"https:\/\/pensium.es\/gl\/quen-somos-2\/","title":{"rendered":"Qui\u00e9nes somos"},"content":{"rendered":"<section class=\"wpb-content-wrapper\"><p>[vc_row full_width=&#8221;stretch_row&#8221; el_class=&#8221;row-centered-width no-margin-bottom&#8221; css=&#8221;.vc_custom_1753719510977{background-color: #fdeee7 !important;}&#8221;][vc_column][vc_empty_space height=&#8221;180px&#8221;][\/vc_column][\/vc_row][vc_row full_width=&#8221;stretch_row&#8221; el_class=&#8221;row-centered-width no-margin-bottom pago-de-residencia-banner-img-background quienes-title&#8221; css=&#8221;.vc_custom_1760003732455{background-image: url(https:\/\/pensium.es\/wp-content\/uploads\/2025\/08\/header-quienes-somos.jpg?id=17505) !important;background-position: center !important;background-repeat: no-repeat !important;background-size: cover !important;}&#8221;][vc_column width=&#8221;1\/6&#8243;][\/vc_column][vc_column width=&#8221;2\/3&#8243; el_class=&#8221;contenidor-centrat&#8221;][vc_empty_space height=&#8221;250px&#8221;][vc_column_text el_class=&#8221;text-lila interlletrat-espaiat&#8221;]<\/p>\n<h2><strong>QUE \u00c9 PENSIUM?<\/strong><\/h2>\n<p>[\/vc_column_text][vc_empty_space height=&#8221;20px&#8221;][\/vc_column][vc_column width=&#8221;1\/6&#8243;][\/vc_column][\/vc_row][vc_row full_width=&#8221;stretch_row_content&#8221; el_class=&#8221;no-margin-bottom no-margin-bottom grid-icones-pago-residencia p-restyling p-20px ombra-superior&#8221; css=&#8221;.vc_custom_1755686393440{background-color: #fdeee7 !important;}&#8221;][vc_column][vc_empty_space height=&#8221;40px&#8221;][\/vc_column][\/vc_row][vc_row full_width=&#8221;stretch_row&#8221; el_class=&#8221;no-margin-bottom no-margin-bottom grid-icones-pago-residencia p-restyling p-20px&#8221; css=&#8221;.vc_custom_1753973554321{background-color: #fdeee7 !important;}&#8221; anchor_link=&#8221;ventajas&#8221;][vc_column][vc_column_text]Pensium \u00e9 o resultado dun proceso de busca de alternativas para ofrecer unha nova soluci\u00f3n a persoas e familias que deben afrontar o pago de coidados a un parente maior.<br \/>\nMoitas familias te\u00f1en serias dificultades para asumir este custo elevado. Todos queremos xestionar os nosos activos familiares da mellor forma e podemos facelo mentres obtemos a mellor atenci\u00f3n para a persoa dependente, sen perder a casa en ning\u00fan caso nin gastar o aforro.<br \/>\nPensium naceu dun equipo de profesionais do sector residencial, economistas, avogados e traballadores sociais que crearon o Programa Pensium, que permite \u00e1s familias pagar o custo do espazo residencial privado ou o coidado na casa sen perder os seus activos, sen ning\u00fan tipo de hipoteca, sen gastar os aforros e sen ter que adiantar di\u00f1eiro.<br \/>\nCo Programa Pensium, as persoas maiores dependentes con inmobles en propiedade que pos\u00faan ter\u00e1n unha mellor calidade de vida ao acceder aos recursos asistenciais que precisan.[\/vc_column_text][vc_empty_space height=&#8221;40px&#8221;][vc_column_text el_class=&#8221;text-color-grey&#8221;]<\/p>\n<p style=\"text-align: left;\">Pensium SL \u00e9 unh <a href=\"https:\/\/pensium.es\/pensium-certificada-como-b-corp-tm\/\"><strong>Benefit Corporation B Corp<sup>TM<\/sup> certificada internacionalmente<\/strong><\/a>.<\/p>\n<p>[\/vc_column_text][\/vc_column][\/vc_row][vc_row full_width=&#8221;stretch_row_content_no_spaces&#8221; el_class=&#8221;no-margin-bottom no-margin-bottom p-restyling&#8221; css=&#8221;.vc_custom_1755704260840{background-color: #fdeee7 !important;}&#8221;][vc_column][vc_empty_space height=&#8221;40px&#8221;][vc_tta_tabs active_section=&#8221;&#8221; el_class=&#8221;tabs-opinions tabs-quienes-somos-container&#8221; el_id=&#8221;tabs-quienes-somos&#8221;][vc_tta_section tab_id=&#8221;1753775154448-b229fc47-fda6&#8243; title=&#8221;O NOSO PROP\u00d3SITO&#8221; el_class=&#8221;desplegable-opinions&#8221;][vc_row_inner css=&#8221;.vc_custom_1755696644063{background-color: #ebe7ee !important;}&#8221;][vc_column_inner][vc_column_text]<strong>O NOSO PROP\u00d3SITO<\/strong>[\/vc_column_text][vc_empty_space height=&#8221;10px&#8221;][vc_column_text el_class=&#8221;p-20px&#8221;]O obxectivo de Pensium \u00e9 facilitar o financiamento dos coidados asistenciais das persoas maiores con vivienda propia, anticipando ata o dobre do aluguer da s\u00faa vivienda para que a s\u00faa casa traballe para pagar os seus coidados.<\/p>\n<p><strong>Seguindo sempre os principios de:<\/strong>[\/vc_column_text][vc_empty_space height=&#8221;10px&#8221;][vc_column_text el_class=&#8221;p-20px&#8221; css=&#8221;.vc_custom_1758021911779{padding-left: 20px !important;}&#8221;]\u2022 <strong>Transparencia <\/strong>na informaci\u00f3n relativa \u00e1s caracter\u00edsticas e condici\u00f3ns do programa.<br \/>\n\u2022 <strong>Sinxeleza <\/strong>nos procedementos, documentaci\u00f3n, informaci\u00f3n aos usuarios, etc.<br \/>\n\u2022 <strong>Axilidade <\/strong>en actuaciones y respuestas.<br \/>\n\u2022 <strong>Responsabilidade <\/strong>no tratamento e xesti\u00f3n das operaci\u00f3ns, as\u00ed como en garantir a comprensi\u00f3n completa por parte do beneficiario e a s\u00faa familia.[\/vc_column_text][vc_empty_space height=&#8221;10px&#8221;][vc_column_text el_class=&#8221;p-20px&#8221;]<strong>Traballar coa m\u00e1xima transparencia, sinxeleza, axilidade e responsabilidade, especif\u00edcase en:<\/strong>[\/vc_column_text][vc_empty_space height=&#8221;10px&#8221;][vc_column_text el_class=&#8221;p-20px&#8221; css=&#8221;.vc_custom_1758022300053{padding-left: 20px !important;}&#8221;]\u2022 <strong>Asesorar <\/strong>de forma responsable aos beneficiarios do programa.<br \/>\n\u2022 <strong>Garant\u00eda <\/strong>de que o beneficiario mant\u00e9n a propiedade do inmoble.<br \/>\n\u2022 <strong>Aboar anticipadamente <\/strong>as cantidades pactadas.<br \/>\n\u2022 <strong>Xestionar o aluguer<\/strong> da propiedade dunha vivenda dun xeito <strong>integral, profesional e coas m\u00e1ximas garant\u00edas.<\/strong><br \/>\n\u2022 <strong>Informar periodicamente<\/strong> aos beneficiarios da evoluci\u00f3n da operaci\u00f3n.<br \/>\n\u2022 Garantir a <strong>confidencialidade <\/strong>dos datos e informaci\u00f3n necesarios para a operaci\u00f3n.<br \/>\n\u2022 <strong>Atender <\/strong>\u00e1s d\u00fabidas, consultas, suxesti\u00f3ns que nos transmiten as persoas beneficiarias.[\/vc_column_text][\/vc_column_inner][\/vc_row_inner][vc_empty_space height=&#8221;30px&#8221;][\/vc_tta_section][vc_tta_section title=&#8221;PREMIOS&#8221; tab_id=&#8221;1753775154658-32848d5c-1b83&#8243; el_class=&#8221;desplegable-opinions p-restyling links-lila-subratllat&#8221;][vc_row_inner][vc_column_inner][vc_empty_space height=&#8221;30px&#8221;][vc_column_text]<\/p>\n<p style=\"text-align: center;\"><strong>PENSIUM: PREMIOS E HONRAS<\/strong><br \/>\nVarias organizaci\u00f3ns reco\u00f1eceron e premiaron o importante impacto social do Programa Pensium<\/p>\n<p>[\/vc_column_text][\/vc_column_inner][\/vc_row_inner][vc_separator color=&#8221;custom&#8221; el_width=&#8221;80&#8243; accent_color=&#8221;#361251&#8243; css=&#8221;.vc_custom_1755686607889{padding-top: 40px !important;padding-bottom: 40px !important;}&#8221;][vc_row_inner el_class=&#8221;p-20px&#8221;][vc_column_inner width=&#8221;1\/3&#8243; css=&#8221;.vc_custom_1755703437847{padding-top: 10px !important;padding-right: 20px !important;padding-bottom: 10px !important;padding-left: 20px !important;}&#8221;][vc_single_image image=&#8221;18562&#8243; img_size=&#8221;full&#8221;][\/vc_column_inner][vc_column_inner width=&#8221;2\/3&#8243; css=&#8221;.vc_custom_1755686775844{padding-left: 20px !important;}&#8221;][vc_column_text]<strong>RECO\u00d1ECEMENTO PREMIOS RESPON.CAT: PREMIO \u00c1 TRAXECTORIA DO COMPROMISO EN RSE NA CATEGOR\u00cdA PEME<\/strong><\/p>\n<p>Respon.cat \u00e9 unha organizaci\u00f3n que promove a responsabilidade social empresarial en Catalu\u00f1a, impulsando un modelo de empresa comprometida coa sociedade, co desenvolvemento sostible e coa xeraci\u00f3n de valor m\u00e1is al\u00f3 do \u00e1mbito econ\u00f3mico.<\/p>\n<p>Pensium foi reco\u00f1ecida nos <strong>Premios Respon.cat 2025<\/strong>, na s\u00faa <strong>10\u00aa edici\u00f3n<\/strong>, co <strong>Premio \u00e1 traxectoria do compromiso en Responsabilidade Social Empresarial (RSE) na categor\u00eda de empresa pequena e mediana (PEME). <\/strong><\/p>\n<p><a href=\"https:\/\/www.canva.com\/design\/DAHDqX5mPBY\/-9-NZWxrQVGHxXNi-Zc75A\/view?utm_content=DAHDqX5mPBY&amp;utm_campaign=designshare&amp;utm_medium=link2&amp;utm_source=uniquelinks&amp;utlId=h00aac5d7b6\" target=\"_blank\" rel=\"noopener\">Ver documento de Boas Pr\u00e1cticas<\/a><br \/>\n<a href=\"https:\/\/www.youtube.com\/watch?v=V9q25CrWTrI\" target=\"_blank\" rel=\"noopener\">Ver Video de Pensium<\/a>[\/vc_column_text][\/vc_column_inner][\/vc_row_inner][vc_empty_space height=&#8221;40px&#8221;][vc_row_inner el_class=&#8221;p-20px&#8221;][vc_column_inner width=&#8221;1\/3&#8243; css=&#8221;.vc_custom_1755703437847{padding-top: 10px !important;padding-right: 20px !important;padding-bottom: 10px !important;padding-left: 20px !important;}&#8221;][vc_single_image image=&#8221;17436&#8243; img_size=&#8221;full&#8221;][\/vc_column_inner][vc_column_inner width=&#8221;2\/3&#8243; css=&#8221;.vc_custom_1755686775844{padding-left: 20px !important;}&#8221;][vc_column_text]<\/p>\n<p><strong>BEST FOR THE WORLD 2022<\/strong><\/p>\n<p>Reco\u00f1ecemento como <strong style=\"display: inline-block;\">\u201c<a style=\"display: inline-block !important;\" href=\"https:\/\/www.bcorpspain.es\/blog\/entrega-reconocimiento-best-for-the-world-2022\" target=\"_blank\" rel=\"noopener\">Best For The World<\/a>\u201d<\/strong> na \u00e1rea de Clientes, grazas ao seu traballo centrado na mellora do benestar da sociedade. Este reco\u00f1ecemento out\u00f3rgase \u00e1s empresas que se atopan entre o 5% das mellores empresas BCorp do mundo nunha das cinco \u00e1reas de impacto avaliadas: clientes, medio ambiente, goberno, traballadores e comunidade.<\/p>\n<p>Os premios <strong style=\"display: inline-block;\">\u201c<a style=\"display: inline-block !important;\" href=\"https:\/\/www.bcorpspain.es\/blog\/entrega-reconocimiento-best-for-the-world-2022\" target=\"_blank\" rel=\"noopener\">Best for the Word<\/a>\u201d<\/strong> foron entregados o 20 de setembro de 2022.<\/p>\n<p>[\/vc_column_text][\/vc_column_inner][\/vc_row_inner][vc_empty_space height=&#8221;40px&#8221;][vc_row_inner el_class=&#8221;p-20px&#8221;][vc_column_inner width=&#8221;1\/3&#8243; css=&#8221;.vc_custom_1755703445443{padding-top: 10px !important;padding-right: 20px !important;padding-bottom: 10px !important;padding-left: 20px !important;}&#8221;][vc_single_image image=&#8221;17440&#8243; img_size=&#8221;full&#8221; onclick=&#8221;custom_link&#8221; link=&#8221;https:\/\/www.youtube.com\/watch?v=HklNixwSn-o&#8221; el_class=&#8221;videos-lightbox supersize-text&#8221;][\/vc_column_inner][vc_column_inner width=&#8221;2\/3&#8243; css=&#8221;.vc_custom_1755686775844{padding-left: 20px !important;}&#8221;][vc_column_text]<strong>PROXECTO GA\u00d1ADOR NA 3\u00aa EDICI\u00d3N DOS PREMIOS FUNDACI\u00d3N MAPFRE INNOVACI\u00d3N SOCIAL<\/strong><\/p>\n<p>A <a style=\"display: inline-block !important;\" href=\"https:\/\/www.fundacionmapfre.org\/fundacion\/es_es\/noticias\/final-tercera-edicion-premios-fundacion-mapfre-innovacion-social.jsp?utm_campaign=2020-11-part-premis-mapfre&amp;utm_medium=email&amp;utm_source=acumbamail\" target=\"_blank\" rel=\"noopener\"><strong style=\"display: inline-block;\">Fundaci\u00f3n Mapfre<\/strong><\/a> organiza cada ano estes premios que reco\u00f1ecen o traballo das empresas que desenvolven proxectos de innovaci\u00f3n social. Despois de superar as fases de preselecci\u00f3n e semifinais, PENSIUM foi premiado como ga\u00f1ador mundial na categor\u00eda de <a style=\"display: inline-block !important;\" href=\"https:\/\/www.fundacionmapfre.org\/fundacion\/es_es\/noticias\/final-tercera-edicion-premios-fundacion-mapfre-innovacion-social.jsp?utm_campaign=2020-11-part-premis-mapfre&amp;utm_medium=email&amp;utm_source=acumbamail\" target=\"_blank\" rel=\"noopener\"><strong style=\"display: inline-block;\">Innovaci\u00f3n Aseguradora<\/strong><\/a> na final celebrada o 29 de outubro de 2020.[\/vc_column_text][\/vc_column_inner][\/vc_row_inner][vc_empty_space height=&#8221;40px&#8221;][vc_row_inner el_class=&#8221;p-20px&#8221;][vc_column_inner width=&#8221;1\/3&#8243; css=&#8221;.vc_custom_1755703453627{padding-top: 10px !important;padding-right: 20px !important;padding-bottom: 10px !important;padding-left: 20px !important;}&#8221;][vc_single_image image=&#8221;9533&#8243; img_size=&#8221;full&#8221;][\/vc_column_inner][vc_column_inner width=&#8221;2\/3&#8243; css=&#8221;.vc_custom_1755686775844{padding-left: 20px !important;}&#8221;][vc_column_text]<strong>MEJOR B CORP PARA CLIENTES EN ESPA\u00d1A 2019<\/strong><\/p>\n<p>As Benefit Corporation, B Corp<sup>TM<\/sup> son un novo modelo de empresas que equilibran o prop\u00f3sito social e os beneficios econ\u00f3micos. Incorporan un requisito legal para ter en conta aos seus traballadores, clientes, provedores, a comunidade e o medio ambiente \u00e1 hora de tomar decisi\u00f3ns. Ser unha empresa de <a style=\"display: inline-block !important;\" href=\"https:\/\/bcorporation.eu\/about-b-lab\/country-partner\/spain\" target=\"_blank\" rel=\"noopener\"><strong style=\"display: inline-block;\">B Corp<sup>TM<\/sup><\/strong> <\/a>significa formar parte das mellores empresas PARA o mundo, pola s\u00faa xeraci\u00f3n de impacto positivo na sociedade e no medio ambiente.<\/p>\n<p>O 6 de novembro de 2019, PENSIUM recibiu o premio a <strong style=\"display: inline;\">\u201c<a style=\"display: inline-block !important;\" href=\"https:\/\/www.linkedin.com\/posts\/bcorpspain_bgoodday2019-bestforspain-liderandoelcambio-activity-6598267115659116544-OAlh\/\" target=\"_blank\" rel=\"noopener\">A mellor empresa para Espa\u00f1a na categor\u00eda de clientes de 2019<\/a>\u201d<\/strong>.[\/vc_column_text][\/vc_column_inner][\/vc_row_inner][vc_empty_space height=&#8221;30px&#8221;][\/vc_tta_section][vc_tta_section title=&#8221;ACREDITACI\u00d3NS&#8221; tab_id=&#8221;1755690047477-e02299e6-9b6a&#8221; el_class=&#8221;desplegable-opinions p-restyling links-lila-subratllat&#8221;][vc_row_inner][vc_column_inner][vc_empty_space height=&#8221;30px&#8221;][vc_column_text]<\/p>\n<p style=\"text-align: center;\"><strong>PENSI\u00d3N: ACREDITACI\u00d3NS<\/strong><br \/>\nVarias organizaci\u00f3ns acreditaron o importante impacto social do Programa Pensium<\/p>\n<p>[\/vc_column_text][\/vc_column_inner][\/vc_row_inner][vc_separator color=&#8221;custom&#8221; el_width=&#8221;80&#8243; accent_color=&#8221;#361251&#8243; css=&#8221;.vc_custom_1755686607889{padding-top: 40px !important;padding-bottom: 40px !important;}&#8221;][vc_row_inner el_class=&#8221;p-20px&#8221;][vc_column_inner width=&#8221;1\/3&#8243; css=&#8221;.vc_custom_1755703482931{padding-top: 10px !important;padding-right: 20px !important;padding-bottom: 10px !important;padding-left: 20px !important;}&#8221;][vc_single_image image=&#8221;17481&#8243; img_size=&#8221;full&#8221;][\/vc_column_inner][vc_column_inner width=&#8221;2\/3&#8243; css=&#8221;.vc_custom_1755686775844{padding-left: 20px !important;}&#8221;][vc_column_text]<strong>B CORP<sup>TM<\/sup> CERTIFICADO POLO SEU IMPACTO SOCIAL E A TRANSPARENCIA DA S\u00daA ACTIVIDADE<\/strong><\/p>\n<p>A certificaci\u00f3n B Corp<sup>TM<\/sup> \u00e9 o reco\u00f1ecemento m\u00e1is valorado no campo das empresas que traballan para resolver problemas sociais e ambientais no mundo.<\/p>\n<p>B Corp<sup>TM<\/sup> vai m\u00e1is al\u00e1 do obxectivo de xerar beneficio econ\u00f3mico e innovan para maximizar o seu impacto positivo nas comunidades \u00e1s que serven. Deste xeito, a empresa conv\u00e9rtese nunha forza rexeneradora capaz de constru\u00edr unha sociedade mellor, na que as empresas contrib\u00faan a xerar un beneficio global.<\/p>\n<p><strong>Pensium renovou a s\u00faa certificaci\u00f3n en outubro de 2021, cunha valoraci\u00f3n superior da media.<\/strong>[\/vc_column_text][vc_empty_space height=&#8221;20px&#8221;][vc_raw_html]JTNDc2VjdGlvbiUyMGNsYXNzJTNEJTIyZC1mbGV4LWglMjBjLWdyZXklMjBwLTE0cHglMjIlM0UlMEElM0NwJTNFUEVOU0lVTSUyQyUyMFNMJTNDYnIlM0UlMEFBJTIwZmluYWlzJTIwZG8lMjBleGVyY2ljaW8lMjBmaXNjYWwuJTNDYnIlM0UlMEElM0NzdHJvbmclM0UzMSUyMERlYyUyMDIwMjMlM0MlMkZzdHJvbmclM0UlM0MlMkZwJTNFJTBBJTNDaW1nJTIwc3R5bGUlM0QlMjJ3aWR0aCUzQSUyMDgwcHglM0IlMjBoZWlnaHQlM0ElMjAxMDAlMjUlM0IlMjIlMjBzcmMlM0QlMjJodHRwcyUzQSUyRiUyRnBlbnNpdW0uZXMlMkZ3cC1jb250ZW50JTJGdXBsb2FkcyUyRjIwMjUlMkYwOCUyRjEyMy01LnBuZyUyMiUyRiUzRSUwQSUzQyUyRnNlY3Rpb24lM0U=[\/vc_raw_html][\/vc_column_inner][\/vc_row_inner][vc_empty_space height=&#8221;40px&#8221;][vc_row_inner el_class=&#8221;p-20px&#8221;][vc_column_inner width=&#8221;1\/3&#8243; css=&#8221;.vc_custom_1755703490458{padding-top: 10px !important;padding-right: 20px !important;padding-bottom: 10px !important;padding-left: 20px !important;}&#8221;][vc_single_image image=&#8221;17477&#8243; img_size=&#8221;full&#8221;][\/vc_column_inner][vc_column_inner width=&#8221;2\/3&#8243; css=&#8221;.vc_custom_1755686775844{padding-left: 20px !important;}&#8221;][vc_column_text]<strong><a href=\"https:\/\/eqa.es\/\" target=\"_blank\" rel=\"noopener\">EQA<\/a><\/strong> (entidade internacional de certificaci\u00f3n, inspecci\u00f3n e verificaci\u00f3n de normas de I+D+i, calidade e ESG) certificou que o financiamento de Pensium Direct SL cumpre os requisitos de Bonos Sociais ou Pr\u00e9stamos Sociais, xa que o destino final deste financiamento \u00e9 a de cubrir as necesidades asistenciais das persoas dependentes e est\u00e1 ali\u00f1ada co cumprimento dos Obxectivos de Desenvolvemento Sostible (<strong style=\"display: inline-block;\"><a href=\"https:\/\/pensium.es\/pensium-empresa-responsable\/\">ODS<\/a><\/strong>) 1-Fin da pobreza e 17-Alianzas para acadar os obxectivos.<br \/>\nVer informe en <strong style=\"display: inline-block;\"><a href=\"https:\/\/pensium.es\/wp-content\/uploads\/2024\/05\/2024_05_DECLARACION_VERIFICACION_INDEPENDIENTE.pdf\" target=\"_blank\" rel=\"noopener\">castel\u00e1n<\/a><\/strong> \/ en <strong style=\"display: inline-block;\"><a href=\"https:\/\/pensium.es\/wp-content\/uploads\/2024\/05\/2024_05_DECLARACION_VERIFICACION_INDEPENDIENTE_ingles.pdf\" target=\"_blank\" rel=\"noopener\">ingl\u00e9s<\/a><\/strong><br \/>\nVer <strong style=\"display: inline-block;\"><a href=\"https:\/\/pensium.es\/wp-content\/uploads\/2024\/05\/Marco-Financiacion-Pensium-Direct.pdf\" target=\"_blank\" rel=\"noopener\">Marco de Financiamento social<\/a><\/strong><br \/>\nVer <strong style=\"display: inline-block;\"><a href=\"https:\/\/pensium.es\/wp-content\/uploads\/2024\/05\/2024_05_DECLARACION_VERIFICACION_INDEPENDIENTE.pdf\" target=\"_blank\" rel=\"noopener\">Informe de cumprimento 2024<\/a><\/strong>[\/vc_column_text][\/vc_column_inner][\/vc_row_inner][vc_empty_space height=&#8221;40px&#8221;][vc_row_inner el_class=&#8221;p-20px&#8221;][vc_column_inner width=&#8221;1\/3&#8243; css=&#8221;.vc_custom_1755703503758{padding-top: 10px !important;padding-right: 20px !important;padding-bottom: 10px !important;padding-left: 20px !important;}&#8221;][vc_single_image image=&#8221;17473&#8243; img_size=&#8221;full&#8221;][\/vc_column_inner][vc_column_inner width=&#8221;2\/3&#8243; css=&#8221;.vc_custom_1755686775844{padding-left: 20px !important;}&#8221;][vc_column_text]<strong>RECO\u00d1ECEMENTO COMO STARTUP DE IMPACTO \u201cIMPACT BUSINESS\u201d<\/strong><\/p>\n<p><strong><a href=\"https:\/\/www.ship2b.org\/\" target=\"_blank\" rel=\"noopener\">Ship2B<\/a><\/strong> \u00e9 unha fundaci\u00f3n privada que ten como obxectivo promover a econom\u00eda de impacto, un novo modelo econ\u00f3mico onde o obxectivo principal das empresas, investidores e organizaci\u00f3ns non \u00e9 s\u00f3 maximizar a s\u00faa rendibilidade econ\u00f3mica, sen\u00f3n tam\u00e9n o seu impacto social ou ambiental.<\/p>\n<p>Pensium \u00e9 reco\u00f1ecida como unha empresa de alto impacto social desde 2018, despois de pasar pola fase de an\u00e1lise do proxecto establecida pola Fundaci\u00f3n Ship2B.[\/vc_column_text][\/vc_column_inner][\/vc_row_inner][vc_empty_space height=&#8221;40px&#8221;][vc_row_inner el_class=&#8221;p-20px&#8221;][vc_column_inner width=&#8221;1\/3&#8243; css=&#8221;.vc_custom_1755703510815{padding-top: 10px !important;padding-right: 20px !important;padding-bottom: 10px !important;padding-left: 20px !important;}&#8221;][vc_single_image image=&#8221;17469&#8243; img_size=&#8221;full&#8221;][\/vc_column_inner][vc_column_inner width=&#8221;2\/3&#8243; css=&#8221;.vc_custom_1755686775844{padding-left: 20px !important;}&#8221;][vc_column_text]<strong>MADRID EXCELENTE<\/strong><\/p>\n<p>O selo Madrid Excelente certifica o compromiso coa excelencia de entidades e instituci\u00f3ns que apostan pola innovaci\u00f3n, a mellora continua e contrib\u00faen activamente ao desenvolvemento econ\u00f3mico e social da Comunidade de Madrid en beneficio dos seus cidad\u00e1ns.<\/p>\n<p>O selo, outorgado pola Comunidade de Madrid a trav\u00e9s da Fundaci\u00f3n Madrid para a Competitividade, foille outorgado a Pensium en maio de 2024.[\/vc_column_text][\/vc_column_inner][\/vc_row_inner][vc_empty_space height=&#8221;30px&#8221;][\/vc_tta_section][\/vc_tta_tabs][\/vc_column][\/vc_row][vc_row full_width=&#8221;stretch_row&#8221; el_class=&#8221;no-margin-bottom tramites-dependencia-wrapper&#8221; css=&#8221;.vc_custom_1752059037415{background-color: #cdc4d3 !important;}&#8221;][vc_column el_class=&#8221;contenidor-centrat p-restyling&#8221;][vc_row_inner][vc_column_inner][vc_empty_space height=&#8221;60px&#8221;][vc_column_text el_class=&#8221;title-button-styled&#8221;]Pensium <strong>empresa responsable<\/strong>[\/vc_column_text][vc_empty_space height=&#8221;60px&#8221;][vc_column_text]<\/p>\n<p style=\"text-align: center;\">Pensium comprom\u00e9tese a colaborar no cumprimento da Axenda 2030 para o Desenvolvemento Sostible, que incl\u00fae estes 17 Obxectivos.<\/p>\n<p style=\"text-align: center;\"><strong>DESCUBRE AQU\u00cd COMO COLABORAMOS CON ESTES OBXECTIVOS.<\/strong><\/p>\n<p>[\/vc_column_text][vc_empty_space height=&#8221;60px&#8221;][vc_single_image image=&#8221;7344&#8243; img_size=&#8221;full&#8221; el_class=&#8221;soft-radius-shadow&#8221;][vc_empty_space height=&#8221;60px&#8221;][\/vc_column_inner][\/vc_row_inner][\/vc_column][\/vc_row][vc_row full_width=&#8221;stretch_row&#8221; css=&#8221;.vc_custom_1754031945707{background-color: #fdeee7 !important;}&#8221; el_class=&#8221;p-restyling p-centrat ombra-superior p-30px&#8221;][vc_column][vc_empty_space height=&#8221;40px&#8221;][vc_column_text]Lembra que <strong>podemos axudarche a tramitar<\/strong> a solicitude do <strong>grao de dependencia<\/strong>[\/vc_column_text][vc_empty_space height=&#8221;20px&#8221;][vc_single_image image=&#8221;15749&#8243; img_size=&#8221;full&#8221; alignment=&#8221;center&#8221; onclick=&#8221;custom_link&#8221; img_link_target=&#8221;_blank&#8221; link=&#8221;https:\/\/tramitesdependencia.es\/&#8221; el_class=&#8221;img-max-400&#8243;][vc_empty_space height=&#8221;40px&#8221;][\/vc_column][\/vc_row][vc_row full_width=&#8221;stretch_row&#8221; el_class=&#8221;p-restyling p-centrat ombra-superior p-30px&#8221;][vc_column][vc_empty_space height=&#8221;60px&#8221;][vc_column_text]<\/p>\n<p style=\"text-align: center;\"><strong>COLABORA CONNOSCO<\/strong><\/p>\n<p>[\/vc_column_text][vc_empty_space height=&#8221;20px&#8221;][vc_column_text el_class=&#8221;carousel-logos-3-files&#8221;]<ul class=\"bxslider slider-logos\" style=\"margin:0; padding:0; list-style:none;\"><li><div class=\"slider-logo-grid\"><figure class=\"slider-logo-item\"><a href=\"https:\/\/aradeasociacion.com\/\" target=\"_blank\" rel=\"noopener noreferrer\"><img decoding=\"async\" src=\"https:\/\/pensium.es\/wp-content\/uploads\/2020\/02\/logo_arade-300x94.jpg\" alt=\"Arade\" loading=\"lazy\" \/><\/a><\/figure><figure class=\"slider-logo-item\"><a href=\"https:\/\/www.ibercaja.es\/particulares\/tu-banca\/mayores\/pensium\/\" target=\"_blank\" rel=\"noopener noreferrer\"><img decoding=\"async\" src=\"https:\/\/pensium.es\/wp-content\/uploads\/2022\/09\/logo-Ibercaja-NEGRO-1-300x101.jpg\" alt=\"Ibercaja\" loading=\"lazy\" \/><\/a><\/figure><figure class=\"slider-logo-item\"><a href=\"https:\/\/www.cuidum.com\/\" target=\"_blank\" rel=\"noopener noreferrer\"><img decoding=\"async\" src=\"https:\/\/pensium.es\/wp-content\/uploads\/2025\/10\/logo-CUIDUM-003-300x67.png\" alt=\"\" loading=\"lazy\" \/><\/a><\/figure><figure class=\"slider-logo-item\"><a href=\"https:\/\/www.persohome.es\/\" target=\"_blank\" rel=\"noopener noreferrer\"><img decoding=\"async\" src=\"https:\/\/pensium.es\/wp-content\/uploads\/2025\/06\/Logo-Persohome-19062025-300x224.jpg\" alt=\"Persohome\" loading=\"lazy\" \/><\/a><\/figure><figure class=\"slider-logo-item\"><a href=\"https:\/\/gransliving.com\/\" target=\"_blank\" rel=\"noopener noreferrer\"><img decoding=\"async\" src=\"https:\/\/pensium.es\/wp-content\/uploads\/2021\/10\/logo-horizontal-gransliving-300x64.jpg\" alt=\"Gransliving\" loading=\"lazy\" \/><\/a><\/figure><figure class=\"slider-logo-item\"><a href=\"https:\/\/cansunyer.cat\/\" target=\"_blank\" rel=\"noopener noreferrer\"><img decoding=\"async\" src=\"https:\/\/pensium.es\/wp-content\/uploads\/2024\/06\/logo-sunyer-002-1.jpg\" alt=\"Can Sunyer\" loading=\"lazy\" \/><\/a><\/figure><figure class=\"slider-logo-item\"><a href=\"https:\/\/air4seniors.com\/\" target=\"_blank\" rel=\"noopener noreferrer\"><img decoding=\"async\" src=\"https:\/\/pensium.es\/wp-content\/uploads\/2019\/12\/logo-air4seniors.png\" alt=\"Air4seniors\" loading=\"lazy\" \/><\/a><\/figure><figure class=\"slider-logo-item\"><a href=\"https:\/\/www.fundacionpilares.org\/\" target=\"_blank\" rel=\"noopener noreferrer\"><img decoding=\"async\" src=\"https:\/\/pensium.es\/wp-content\/uploads\/2019\/12\/Fundacionpilares.jpg\" alt=\"Fundaci\u00f3n Pilares\" loading=\"lazy\" \/><\/a><\/figure><figure class=\"slider-logo-item\"><a href=\"https:\/\/www.abanca.com\/es\/vive-la-vida\/asistencia\/\" target=\"_blank\" rel=\"noopener noreferrer\"><img decoding=\"async\" src=\"https:\/\/pensium.es\/wp-content\/uploads\/2020\/10\/logo-Abanca.png\" alt=\"Abanca\" loading=\"lazy\" \/><\/a><\/figure><figure class=\"slider-logo-item\"><a href=\"https:\/\/upimir.com\" target=\"_blank\" rel=\"noopener noreferrer\"><img decoding=\"async\" src=\"https:\/\/pensium.es\/wp-content\/uploads\/2018\/03\/UPIMIR-300x173.jpg\" alt=\"Upimir\" loading=\"lazy\" \/><\/a><\/figure><figure class=\"slider-logo-item\"><a href=\"https:\/\/portal.kutxabank.es\/cs\/Satellite\/kb\/es\/mayores\" target=\"_blank\" rel=\"noopener noreferrer\"><img decoding=\"async\" src=\"https:\/\/pensium.es\/wp-content\/uploads\/2020\/07\/kutxabank-logo.jpg\" alt=\"Kutxabank\" loading=\"lazy\" \/><\/a><\/figure><figure class=\"slider-logo-item\"><a href=\"https:\/\/ceoma.org\/\" target=\"_blank\" rel=\"noopener noreferrer\"><img decoding=\"async\" src=\"https:\/\/pensium.es\/wp-content\/uploads\/2022\/07\/CEOMA_marca-300x147.jpg\" alt=\"CEOMA\" loading=\"lazy\" \/><\/a><\/figure><figure class=\"slider-logo-item\"><a href=\"https:\/\/www.agasede.es\/\" target=\"_blank\" rel=\"noopener noreferrer\"><img decoding=\"async\" src=\"https:\/\/pensium.es\/wp-content\/uploads\/2021\/06\/unnamed-3-300x68.png\" alt=\"Agasede\" loading=\"lazy\" \/><\/a><\/figure><figure class=\"slider-logo-item\"><a href=\"https:\/\/fundacioncolisee.es\/\" target=\"_blank\" rel=\"noopener noreferrer\"><img decoding=\"async\" src=\"https:\/\/pensium.es\/wp-content\/uploads\/2024\/03\/fundacion-colisee-logo1-positivo300-rgb-300x198.png\" alt=\"Fundaci\u00f3n Colisee\" loading=\"lazy\" \/><\/a><\/figure><figure class=\"slider-logo-item\"><a href=\"https:\/\/www.fundacioprovea.org\/\" target=\"_blank\" rel=\"noopener noreferrer\"><img decoding=\"async\" src=\"https:\/\/pensium.es\/wp-content\/uploads\/2020\/10\/LOGOPROVEA-300x100.jpg\" alt=\"Provea\" loading=\"lazy\" \/><\/a><\/figure><figure class=\"slider-logo-item\"><a href=\"https:\/\/residenciaalday.com\/\" target=\"_blank\" rel=\"noopener noreferrer\"><img decoding=\"async\" src=\"https:\/\/pensium.es\/wp-content\/uploads\/2022\/03\/alday-egoitza_logo-300x127.png\" alt=\"Alday\" loading=\"lazy\" \/><\/a><\/figure><figure class=\"slider-logo-item\"><a href=\"https:\/\/eyclick.com\/\" target=\"_blank\" rel=\"noopener noreferrer\"><img decoding=\"async\" src=\"https:\/\/pensium.es\/wp-content\/uploads\/2024\/03\/Logo-EYClick-Agencia-Marketing-Digital-Barcelona.png\" alt=\"EYClick\" loading=\"lazy\" \/><\/a><\/figure><figure class=\"slider-logo-item\"><a href=\"https:\/\/www.trabajosocialmalaga.org\/\" target=\"_blank\" rel=\"noopener noreferrer\"><img decoding=\"async\" src=\"https:\/\/pensium.es\/wp-content\/uploads\/2020\/10\/LogoColegio-300x102.png\" alt=\"Colegio Profesional de Trabajo Social de M\u00e1laga\" loading=\"lazy\" \/><\/a><\/figure><figure class=\"slider-logo-item\"><a href=\"https:\/\/www.residenciasantabarbarafundaz.org\/\" target=\"_blank\" rel=\"noopener noreferrer\"><img decoding=\"async\" src=\"https:\/\/pensium.es\/wp-content\/uploads\/2021\/11\/fundaz-logo-300x107.jpg\" alt=\"Fundaz\" loading=\"lazy\" \/><\/a><\/figure><figure class=\"slider-logo-item\"><a href=\"https:\/\/www.cuida2.es\/\" target=\"_blank\" rel=\"noopener noreferrer\"><img decoding=\"async\" src=\"https:\/\/pensium.es\/wp-content\/uploads\/2023\/11\/CUIDA2_Logo_Claim_color-2-300x142.png\" alt=\"Cuida2 residencia\" loading=\"lazy\" \/><\/a><\/figure><figure class=\"slider-logo-item\"><a href=\"https:\/\/www.bancsabadell.com\/\" target=\"_blank\" rel=\"noopener noreferrer\"><img decoding=\"async\" src=\"https:\/\/pensium.es\/wp-content\/uploads\/2019\/07\/logo-vector-banco-sabadell-300x152.jpg\" alt=\"Banc Sabadell\" loading=\"lazy\" \/><\/a><\/figure><figure class=\"slider-logo-item\"><a href=\"https:\/\/www.bango.es\/\" target=\"_blank\" rel=\"noopener noreferrer\"><img decoding=\"async\" src=\"https:\/\/pensium.es\/wp-content\/uploads\/2021\/02\/logo-BANGO-300x66.png\" alt=\"Bango\" loading=\"lazy\" \/><\/a><\/figure><figure class=\"slider-logo-item\"><a href=\"https:\/\/lavostrallar.com\/\" target=\"_blank\" rel=\"noopener noreferrer\"><img decoding=\"async\" src=\"https:\/\/pensium.es\/wp-content\/uploads\/2020\/11\/lavostrallar_logo_color-300x150.jpg\" alt=\"La vostra llar\" loading=\"lazy\" \/><\/a><\/figure><figure class=\"slider-logo-item\"><a href=\"https:\/\/tsys.es\/\" target=\"_blank\" rel=\"noopener noreferrer\"><img decoding=\"async\" src=\"https:\/\/pensium.es\/wp-content\/uploads\/2025\/09\/Logo-TSYS-2-1024x576-002-300x169.png\" alt=\"Tsys\" loading=\"lazy\" \/><\/a><\/figure><figure class=\"slider-logo-item\"><a href=\"https:\/\/inoutcomunicacion.com\/ca\/\" target=\"_blank\" rel=\"noopener noreferrer\"><img decoding=\"async\" src=\"https:\/\/pensium.es\/wp-content\/uploads\/2024\/05\/image001-300x300.png\" alt=\"In Out\" loading=\"lazy\" \/><\/a><\/figure><figure class=\"slider-logo-item\"><a href=\"https:\/\/cksenior.es\/\" target=\"_blank\" rel=\"noopener noreferrer\"><img decoding=\"async\" src=\"https:\/\/pensium.es\/wp-content\/uploads\/2024\/05\/BANNER_WEB_CK-SENIOR-002-300x300.png\" alt=\"CK Senior\" loading=\"lazy\" \/><\/a><\/figure><figure class=\"slider-logo-item\"><a href=\"https:\/\/www.fundacioictus.com\/es\/proyectos\/programa-abric\/\" target=\"_blank\" rel=\"noopener noreferrer\"><img decoding=\"async\" src=\"https:\/\/pensium.es\/wp-content\/uploads\/2025\/06\/Logo-Fundacio-Ictus-v-1-300x300.png\" alt=\"Fundaci\u00f3n Ictus\" loading=\"lazy\" \/><\/a><\/figure><figure class=\"slider-logo-item\"><a href=\"http:\/\/fundaciondesarrollosocial.blogspot.com\/\" target=\"_blank\" rel=\"noopener noreferrer\"><img decoding=\"async\" src=\"https:\/\/pensium.es\/wp-content\/uploads\/2020\/02\/logo_fds-300x134.jpg\" alt=\"Fundaci\u00f3n Desarrollo Social\" loading=\"lazy\" \/><\/a><\/figure><figure class=\"slider-logo-item\"><a href=\"http:\/\/www.bcn.cat\/consorcihabitatge\/ca\/home.html\" target=\"_blank\" rel=\"noopener noreferrer\"><img decoding=\"async\" src=\"https:\/\/pensium.es\/wp-content\/uploads\/2019\/04\/logo-Ajuntament-BCN-ok-1.png\" alt=\"Ajuntament de Barcelona\" loading=\"lazy\" \/><\/a><\/figure><figure class=\"slider-logo-item\"><a href=\"http:\/\/www.reyardid.org\/\" target=\"_blank\" rel=\"noopener noreferrer\"><img decoding=\"async\" src=\"https:\/\/pensium.es\/wp-content\/uploads\/2020\/07\/Rey-Ardid-1-300x95.jpg\" alt=\"Fundaci\u00f3n Rey Ardid\" loading=\"lazy\" \/><\/a><\/figure><\/div><\/li><li><div class=\"slider-logo-grid\"><figure class=\"slider-logo-item\"><a href=\"https:\/\/www.sanitas.es\/\" target=\"_blank\" rel=\"noopener noreferrer\"><img decoding=\"async\" src=\"https:\/\/pensium.es\/wp-content\/uploads\/2019\/10\/sanitas-logo-300x126.jpg\" alt=\"Sanitas\" loading=\"lazy\" \/><\/a><\/figure><figure class=\"slider-logo-item\"><a href=\"https:\/\/www.amavir.es\/\" target=\"_blank\" rel=\"noopener noreferrer\"><img decoding=\"async\" src=\"https:\/\/pensium.es\/wp-content\/uploads\/2018\/08\/amavir.logo_.png\" alt=\"Amavir\" loading=\"lazy\" \/><\/a><\/figure><figure class=\"slider-logo-item\"><a href=\"https:\/\/ingenieriasocial.es\" target=\"_blank\" rel=\"noopener noreferrer\"><img decoding=\"async\" src=\"https:\/\/pensium.es\/wp-content\/uploads\/2018\/03\/logo_IngSocial-300x54.png\" alt=\"Ingenier\u00eda Social\" loading=\"lazy\" \/><\/a><\/figure><figure class=\"slider-logo-item\"><a href=\"https:\/\/www.fiatcresidencias.com?utm_source=Pensium\" target=\"_blank\" rel=\"noopener noreferrer\"><img decoding=\"async\" src=\"https:\/\/pensium.es\/wp-content\/uploads\/2021\/02\/FIATC_Residencias_Cast_Color-1-300x212.png\" alt=\"FIATC\" loading=\"lazy\" \/><\/a><\/figure><figure class=\"slider-logo-item\"><a href=\"https:\/\/ship2b.org\" target=\"_blank\" rel=\"noopener noreferrer\"><img decoding=\"async\" src=\"https:\/\/pensium.es\/wp-content\/uploads\/2018\/03\/Logo-ship2b-300x112.jpg\" alt=\"Ship2B\" loading=\"lazy\" \/><\/a><\/figure><figure class=\"slider-logo-item\"><a href=\"https:\/\/bcorporation.eu\/about-b-corps\" target=\"_blank\" rel=\"noopener noreferrer\"><img decoding=\"async\" src=\"https:\/\/pensium.es\/wp-content\/uploads\/2018\/03\/2017-B-Corp-Logo-POS-L-205x300.jpg\" alt=\"B Corp\" loading=\"lazy\" \/><\/a><\/figure><figure class=\"slider-logo-item\"><a href=\"https:\/\/www.domusvi.es\/\" target=\"_blank\" rel=\"noopener noreferrer\"><img decoding=\"async\" src=\"https:\/\/pensium.es\/wp-content\/uploads\/2018\/08\/domusvi.logo_.png\" alt=\"DomusVi\" loading=\"lazy\" \/><\/a><\/figure><figure class=\"slider-logo-item\"><a href=\"http:\/\/www.lasaleta.com\/\" target=\"_blank\" rel=\"noopener noreferrer\"><img decoding=\"async\" src=\"https:\/\/pensium.es\/wp-content\/uploads\/2019\/10\/logo-colisee-group-mas-empresas-fondo-corporativo-600ppi-RGB-300x134.png\" alt=\"La Saleta\" loading=\"lazy\" \/><\/a><\/figure><figure class=\"slider-logo-item\"><a href=\"https:\/\/www.cronoshare.com\" target=\"_blank\" rel=\"noopener noreferrer\"><img decoding=\"async\" src=\"https:\/\/pensium.es\/wp-content\/uploads\/2018\/09\/Cronoshare_pensium.jpg\" alt=\"Cronoshare\" loading=\"lazy\" \/><\/a><\/figure><figure class=\"slider-logo-item\"><a href=\"http:\/\/www.firagran.com\" target=\"_blank\" rel=\"noopener noreferrer\"><img decoding=\"async\" src=\"https:\/\/pensium.es\/wp-content\/uploads\/2018\/04\/logo_Fira_Gran-300x217.jpg\" alt=\"Fira Gran\" loading=\"lazy\" \/><\/a><\/figure><figure class=\"slider-logo-item\"><a href=\"http:\/\/www.r4sgroup.com\" target=\"_blank\" rel=\"noopener noreferrer\"><img decoding=\"async\" src=\"https:\/\/pensium.es\/wp-content\/uploads\/2018\/04\/Logo-R4S-nom-hor.-gran-300x83.jpg\" alt=\"Roots for Sustainability\" loading=\"lazy\" \/><\/a><\/figure><figure class=\"slider-logo-item\"><a href=\"http:\/\/www.aerte.es\" target=\"_blank\" rel=\"noopener noreferrer\"><img decoding=\"async\" src=\"https:\/\/pensium.es\/wp-content\/uploads\/2019\/09\/Logo-30-aniversario-AERTE-1-300x161.png\" alt=\"AERTE (Asociaci\u00f3n Empresarial de Residencias y Servicios a Personas Dependientes de la Comunidad Valenciana)\" loading=\"lazy\" \/><\/a><\/figure><figure class=\"slider-logo-item\"><a href=\"http:\/\/www.acra.cat\/ca\/\" target=\"_blank\" rel=\"noopener noreferrer\"><img decoding=\"async\" src=\"https:\/\/pensium.es\/wp-content\/uploads\/2018\/07\/logo-acra-amb-marges-jpeg-_386444-300x207.jpg\" alt=\"acra\" loading=\"lazy\" \/><\/a><\/figure><figure class=\"slider-logo-item\"><a href=\"http:\/\/xarxagran.cat\" target=\"_blank\" rel=\"noopener noreferrer\"><img decoding=\"async\" src=\"https:\/\/pensium.es\/wp-content\/uploads\/2018\/07\/logo_simple_xarxagran-300x300.png\" alt=\"XARXAgran\" loading=\"lazy\" \/><\/a><\/figure><figure class=\"slider-logo-item\"><a href=\"http:\/inforesidencias.com\" target=\"_blank\" rel=\"noopener noreferrer\"><img decoding=\"async\" src=\"https:\/\/pensium.es\/wp-content\/uploads\/2018\/03\/Inforesilogo-300x152.png\" alt=\"Inforesidencias\" loading=\"lazy\" \/><\/a><\/figure><figure class=\"slider-logo-item\"><a href=\"https:\/\/associacioacad.cat\/\" target=\"_blank\" rel=\"noopener noreferrer\"><img decoding=\"async\" src=\"https:\/\/pensium.es\/wp-content\/uploads\/2018\/03\/logo-acad-jpg-300x174.jpg\" alt=\"Associaci\u00f3 ACAD\" loading=\"lazy\" \/><\/a><\/figure><figure class=\"slider-logo-item\"><a href=\"https:\/\/www.uch.cat\/\" target=\"_blank\" rel=\"noopener noreferrer\"><img decoding=\"async\" src=\"https:\/\/pensium.es\/wp-content\/uploads\/2018\/06\/logo_web.png\" alt=\"La Uni\u00f3 Associaci\u00f3 d&#8217;Entitats Sanit\u00e0ries i Socials\" loading=\"lazy\" \/><\/a><\/figure><\/div><\/li><\/ul>[\/vc_column_text][vc_empty_space height=&#8221;40px&#8221;][\/vc_column][\/vc_row][vc_row wide_row=&#8221;yes&#8221; css=&#8221;.vc_custom_1752851597185{margin-bottom: 0px !important;background-image: url(https:\/\/pensium.es\/wp-content\/uploads\/2017\/01\/pensium-slide4-e1504911837573.jpg?id=4319) !important;background-position: center !important;background-repeat: no-repeat !important;background-size: cover !important;}&#8221; anchor_link=&#8221;formulario-solicitar-informacion&#8221;][vc_column width=&#8221;2\/3&#8243;][vc_empty_space height=&#8221;75px&#8221;][vc_empty_space height=&#8221;65px&#8221;][vc_column_text css=&#8221;.vc_custom_1760003624160{margin-top: 0px !important;margin-bottom: 0px !important;border-top-width: 0px !important;border-bottom-width: 0px !important;padding-top: 0px !important;padding-bottom: 20px !important;}&#8221; el_class=&#8221;capitalize-letters interlletrat-espaiat&#8221;]<\/p>\n<h2 style=\"text-align: left;\"><strong><span style=\"color: #361251; font-size: 1.5em;\">Pagar unha residencia de anci\u00e1ns ou un coidador a domicilio pode ser moi doado<\/span><\/strong><\/h2>\n<p>[\/vc_column_text]<div class=\"list check orange \"><\/p>\n<ul>\n<li><span style=\"color: #361251; font-size: 1.4em;\">Sen pagamentos nin desembolsos<\/span><\/li>\n<li><span style=\"color: #361251; font-size: 1.4em;\">Con total flexibilidade<\/span><\/li>\n<li><span style=\"color: #361251; font-size: 1.4em;\">Con achegas regulares garantidas<\/span><\/li>\n<\/ul>\n<p><\/div>[\/vc_column][vc_column width=&#8221;1\/3&#8243;][vc_empty_space height=&#8221;50px&#8221;][vc_row_inner css=&#8221;.vc_custom_1602080616567{background-color: #361251 !important;}&#8221;][vc_column_inner][vc_column_text css=&#8221;.vc_custom_1760007429417{margin-top: 0px !important;margin-bottom: 0px !important;border-top-width: 0px !important;border-bottom-width: 0px !important;padding-top: 0px !important;padding-bottom: 0px !important;}&#8221;]<\/p>\n<h2 id=\"formulario\" style=\"text-align: center;\"><span style=\"color: #ffffff; font-size: 1em;\"><strong>ESTUDAMOS O SEU CASO SEN COMPROMISO<\/strong><\/span><\/h2>\n<p>[\/vc_column_text][vc_empty_space height=&#8221;15px&#8221;]\n<div class=\"wpcf7 no-js\" id=\"wpcf7-f18003-o1\" lang=\"gl-ES\" dir=\"ltr\" data-wpcf7-id=\"18003\">\n<div class=\"screen-reader-response\"><p role=\"status\" aria-live=\"polite\" aria-atomic=\"true\"><\/p> <ul><\/ul><\/div>\n<form action=\"\/gl\/wp-json\/wp\/v2\/pages\/18572#wpcf7-f18003-o1\" method=\"post\" class=\"wpcf7-form init wpcf7-acceptance-as-validation\" aria-label=\"Formulario de contacto\" novalidate=\"novalidate\" data-status=\"init\">\n<fieldset class=\"hidden-fields-container\"><input type=\"hidden\" name=\"_wpcf7\" value=\"18003\" \/><input type=\"hidden\" name=\"_wpcf7_version\" value=\"6.1.5\" \/><input type=\"hidden\" name=\"_wpcf7_locale\" value=\"gl_ES\" \/><input type=\"hidden\" name=\"_wpcf7_unit_tag\" value=\"wpcf7-f18003-o1\" \/><input type=\"hidden\" name=\"_wpcf7_container_post\" value=\"0\" \/><input type=\"hidden\" name=\"_wpcf7_posted_data_hash\" value=\"\" \/><input type=\"hidden\" name=\"_wpcf7dtx_version\" value=\"5.0.5\" \/><input type=\"hidden\" name=\"context_from_page\" value=\"\" \/><input type=\"hidden\" name=\"_wpcf7_recaptcha_response\" value=\"\" \/>\n<\/fieldset>\n<p class=\"visible\" style=\"display:none;\"><label><span  style=\"color: white;\">Que precisas?*<\/span> <span class=\"wpcf7-form-control-wrap\" data-name=\"tipo-pago\"><select class=\"wpcf7-form-control wpcf7-select\" aria-invalid=\"false\" name=\"tipo-pago\"><option value=\"\"><\/option><option value=\"Pago de residencia\">Pago de residencia<\/option><option value=\"Pago do coidador\">Pago do coidador<\/option><\/select><\/span><\/label>\n<\/p>\n<p><span class=\"wpcf7-form-control-wrap\" data-name=\"your-name\"><input size=\"40\" maxlength=\"400\" class=\"wpcf7-form-control wpcf7-text wpcf7-validates-as-required\" aria-required=\"true\" aria-invalid=\"false\" placeholder=\"Nome e apelidos*\" value=\"\" type=\"text\" name=\"your-name\" \/><\/span>\n<\/p>\n<p><span class=\"wpcf7-form-control-wrap\" data-name=\"your-email\"><input size=\"40\" maxlength=\"400\" class=\"wpcf7-form-control wpcf7-email wpcf7-validates-as-required wpcf7-text wpcf7-validates-as-email\" aria-required=\"true\" aria-invalid=\"false\" placeholder=\"E-mail*\" value=\"\" type=\"email\" name=\"your-email\" \/><\/span>\n<\/p>\n<p><span class=\"wpcf7-form-control-wrap\" data-name=\"your-phone\"><input size=\"40\" maxlength=\"400\" class=\"wpcf7-form-control wpcf7-text wpcf7-validates-as-required\" aria-required=\"true\" aria-invalid=\"false\" placeholder=\"Tel\u00e9fono*\" value=\"\" type=\"text\" name=\"your-phone\" \/><\/span>\n<\/p>\n<p><span class=\"wpcf7-form-control-wrap\" data-name=\"your-Population\"><input size=\"40\" maxlength=\"400\" class=\"wpcf7-form-control wpcf7-text wpcf7-validates-as-required\" aria-required=\"true\" aria-invalid=\"false\" placeholder=\"Poboaci\u00f3n*\" value=\"\" type=\"text\" name=\"your-Population\" \/><\/span>\n<\/p>\n<p><span class=\"wpcf7-form-control-wrap\" data-name=\"Comonoshaconocido\"><input size=\"40\" maxlength=\"400\" class=\"wpcf7-form-control wpcf7-text wpcf7-validates-as-required\" aria-required=\"true\" aria-invalid=\"false\" placeholder=\"Como soubeches de n\u00f3s?*\" value=\"\" type=\"text\" name=\"Comonoshaconocido\" \/><\/span>\n<\/p>\n<span class=\"wpcf7-form-control-wrap dte-url\" data-name=\"dte-url\"><input type=\"hidden\" name=\"dte-url\" class=\"wpcf7-form-control wpcf7-hidden wpcf7dtx wpcf7dtx-hidden\" aria-invalid=\"false\" value=\"\/gl\/wp-json\/wp\/v2\/pages\/18572\"><\/span>\n<p><label><span  style=\"color: white;\">Provincia*<\/span><span class=\"wpcf7-form-control-wrap\" data-name=\"email-to\"><select class=\"wpcf7-form-control wpcf7-select wpcf7-validates-as-required your-province\" aria-required=\"true\" aria-invalid=\"false\" name=\"email-to\"><option value=\"\"><\/option><option value=\"01 \u00c1lava\">01 \u00c1lava<\/option><option value=\"02 Albacete\">02 Albacete<\/option><option value=\"03 Alicante\">03 Alicante<\/option><option value=\"04 Almer\u00cda\">04 Almer\u00cda<\/option><option value=\"05 \u00c1vila\">05 \u00c1vila<\/option><option value=\"06 Badajoz\">06 Badajoz<\/option><option value=\"08 Barcelona\">08 Barcelona<\/option><option value=\"09 Burgos\">09 Burgos<\/option><option value=\"10 C\u00e1ceres\">10 C\u00e1ceres<\/option><option value=\"11 C\u00e1diz\">11 C\u00e1diz<\/option><option value=\"12 Castell\u00f3n\">12 Castell\u00f3n<\/option><option value=\"13 Ciudad Real\">13 Ciudad Real<\/option><option value=\"14 C\u00f3rdoba\">14 C\u00f3rdoba<\/option><option value=\"15 La Coru\u00f1a\">15 La Coru\u00f1a<\/option><option value=\"16 Cuenca\">16 Cuenca<\/option><option value=\"17 Gerona\">17 Gerona<\/option><option value=\"18 Granada\">18 Granada<\/option><option value=\"19 Guadalajara\">19 Guadalajara<\/option><option value=\"20 Guipoezcoa\">20 Guipoezcoa<\/option><option value=\"21 Huelva\">21 Huelva<\/option><option value=\"22 Huesca\">22 Huesca<\/option><option value=\"23 Ja\u00e9n\">23 Ja\u00e9n<\/option><option value=\"24 Le\u00f3n\">24 Le\u00f3n<\/option><option value=\"25 L\u00e9rida\">25 L\u00e9rida<\/option><option value=\"26 La Rioja\">26 La Rioja<\/option><option value=\"27 Lugo\">27 Lugo<\/option><option value=\"28 Madrid\">28 Madrid<\/option><option value=\"29 M\u00e1laga\">29 M\u00e1laga<\/option><option value=\"30 Murcia\">30 Murcia<\/option><option value=\"31 Navarra\">31 Navarra<\/option><option value=\"32 Orense\">32 Orense<\/option><option value=\"33 Asturias\">33 Asturias<\/option><option value=\"34 Palencia\">34 Palencia<\/option><option value=\"35 Las Palmas\">35 Las Palmas<\/option><option value=\"36 Pontevedra\">36 Pontevedra<\/option><option value=\"37 Salamanca\">37 Salamanca<\/option><option value=\"38 Santa Cruz de Tenerife\">38 Santa Cruz de Tenerife<\/option><option value=\"39 Cantabria\">39 Cantabria<\/option><option value=\"40 Segovia\">40 Segovia<\/option><option value=\"41 Sevilla\">41 Sevilla<\/option><option value=\"42 Soria\">42 Soria<\/option><option value=\"43 Tarragona\">43 Tarragona<\/option><option value=\"44 Teruel\">44 Teruel<\/option><option value=\"45 Toledo\">45 Toledo<\/option><option value=\"46 Valencia\">46 Valencia<\/option><option value=\"47 Valladolid\">47 Valladolid<\/option><option value=\"48 Vizcaya\">48 Vizcaya<\/option><option value=\"49 Zamora\">49 Zamora<\/option><option value=\"50 Zaragoza\">50 Zaragoza<\/option><option value=\"51 Ceuta\">51 Ceuta<\/option><option value=\"52 Melilla\">52 Melilla<\/option><\/select><\/span><\/label>\n<\/p>\n<input class=\"wpcf7-form-control wpcf7-hidden\" value=\"\" type=\"hidden\" name=\"your-province\" \/>\n<div style=\"margin:15px 0 15px 15px\">\n\t<div style=\"margin:0 0 0 25px\">\n\t<\/div>\n<\/div>\n<p>&nbsp;\n<\/p>\n<div class=\"wpb_column vc_column_container vc_col-sm-12\">\n\t<p><label style=\"color:white; float: left; padding-right: 10px; width: calc(100% - 20px); line-height: 17px; padding-top: 5px; font-size: 14px;\"><br \/>\n<span class=\"wpcf7-form-control-wrap\" data-name=\"acepto-politica\"><span class=\"wpcf7-form-control wpcf7-acceptance\"><span class=\"wpcf7-list-item\"><input type=\"checkbox\" name=\"acepto-politica\" value=\"1\" aria-invalid=\"false\" \/><\/span><\/span><\/span> &nbsp;Lin e acepto a <a href=\"\/politica-de-privacidad\" target=\"_blank\">pol\u00edtica de privacidade<\/a><br \/>\n<\/label>\n\t<\/p>\n<\/div>\n<div style=\"clear:both\">\n\t<p>&nbsp;\n\t<\/p>\n<\/div>\n<div class=\"wpb_column vc_column_container vc_col-sm-4\">\n\t<p><input class=\"wpcf7-form-control wpcf7-submit has-spinner\" type=\"submit\" value=\"ENVIAR\" \/><img decoding=\"async\" class=\"formloader\" src=\"https:\/\/pensium.es\/wp-content\/uploads\/2022\/11\/Rolling-1s-24px-3.gif\" style=\"display:none\" \/>\n\t<\/p>\n<\/div>\n<p>&nbsp;\n<\/p>\n<div style=\"clear:both\">\n<\/div>\n<p style=\"color:white; font-size:12px;\">*Obrigatorio\n<\/p><div class=\"wpcf7-form-control-wrap maspik-field\">\n                <label for=\"full-name-maspik-hp\" class=\"wpcf7-form-control-label\">Leave this field empty<\/label>\n                <input size=\"1\" type=\"text\" autocomplete=\"off\" aria-hidden=\"true\" tabindex=\"-1\" aria-label=\"Leave this field empty\" name=\"full-name-maspik-hp\" id=\"full-name-maspik-hp\" class=\"wpcf7-form-control wpcf7-text\" placeholder=\"Leave this field empty\">\n            <\/div><div class=\"wpcf7-response-output\" aria-hidden=\"true\"><\/div>\n<\/form>\n<\/div>\n[\/vc_column_inner][\/vc_row_inner][vc_empty_space height=&#8221;30px&#8221;][\/vc_column][\/vc_row]<\/p>\n<\/section>","protected":false},"excerpt":{"rendered":"<p>[vc_row full_width=&#8221;stretch_row&#8221; el_class=&#8221;row-centered-width no-margin-bottom&#8221; css=&#8221;.vc_custom_1753719510977{background-color: #fdeee7 !important;}&#8221;][vc_column][vc_empty_space height=&#8221;180px&#8221;][\/vc_column][\/vc_row][vc_row full_width=&#8221;stretch_row&#8221; el_class=&#8221;row-centered-width no-margin-bottom pago-de-residencia-banner-img-background quienes-title&#8221; css=&#8221;.vc_custom_1760003732455{background-image: url(https:\/\/pensium.es\/wp-content\/uploads\/2025\/08\/header-quienes-somos.jpg?id=17505) !important;background-position: center !important;background-repeat: no-repeat !important;background-size: cover !important;}&#8221;][vc_column width=&#8221;1\/6&#8243;][\/vc_column][vc_column width=&#8221;2\/3&#8243; el_class=&#8221;contenidor-centrat&#8221;][vc_empty_space height=&#8221;250px&#8221;][vc_column_text el_class=&#8221;text-lila interlletrat-espaiat&#8221;] QUE \u00c9 PENSIUM? [\/vc_column_text][vc_empty_space height=&#8221;20px&#8221;][\/vc_column][vc_column width=&#8221;1\/6&#8243;][\/vc_column][\/vc_row][vc_row full_width=&#8221;stretch_row_content&#8221; el_class=&#8221;no-margin-bottom no-margin-bottom grid-icones-pago-residencia p-restyling p-20px ombra-superior&#8221; css=&#8221;.vc_custom_1755686393440{background-color: #fdeee7 !important;}&#8221;][vc_column][vc_empty_space height=&#8221;40px&#8221;][\/vc_column][\/vc_row][vc_row full_width=&#8221;stretch_row&#8221; el_class=&#8221;no-margin-bottom no-margin-bottom grid-icones-pago-residencia p-restyling p-20px&#8221; css=&#8221;.vc_custom_1753973554321{background-color: #fdeee7 !important;}&#8221; anchor_link=&#8221;ventajas&#8221;][vc_column][vc_column_text]Pensium &#8230; <a class=\"excerpt-readmore\" href=\"https:\/\/pensium.es\/gl\/kwlogos\/la-unio-associacio-dentitats-sanitaries-i-socials\/\">Read More<\/a><\/p>\n","protected":false},"author":3,"featured_media":0,"parent":0,"menu_order":0,"comment_status":"open","ping_status":"closed","template":"","meta":{"footnotes":""},"class_list":["post-18572","page","type-page","status-publish","hentry"],"yoast_head":"<!-- This site is optimized with the Yoast SEO plugin v27.3 - https:\/\/yoast.com\/product\/yoast-seo-wordpress\/ -->\n<title>Pensium: Soluci\u00f3n para pagar la Residencia de Ancianos<\/title>\n<meta name=\"description\" content=\"Con Pensium su vivienda pagar\u00e1 el precio de la residencia de ancianos, manteniendo siempre la propiedad, sin hipotecas ni avales \u00a1Inf\u00f3rmese!\" \/>\n<meta name=\"robots\" content=\"index, follow, max-snippet:-1, max-image-preview:large, max-video-preview:-1\" \/>\n<link rel=\"canonical\" href=\"https:\/\/pensium.es\/gl\/quen-somos-2\/\" \/>\n<meta property=\"og:locale\" content=\"gl_ES\" \/>\n<meta property=\"og:type\" content=\"article\" \/>\n<meta property=\"og:title\" content=\"Pensium: Soluci\u00f3n para pagar la Residencia de Ancianos\" \/>\n<meta property=\"og:description\" content=\"Con Pensium su vivienda pagar\u00e1 el precio de la residencia de ancianos, manteniendo siempre la propiedad, sin hipotecas ni avales \u00a1Inf\u00f3rmese!\" \/>\n<meta property=\"og:url\" content=\"https:\/\/pensium.es\/gl\/quen-somos-2\/\" \/>\n<meta property=\"og:site_name\" content=\"Pensium\" \/>\n<meta property=\"article:publisher\" content=\"https:\/\/www.facebook.com\/pensium.es\/\" \/>\n<meta property=\"article:modified_time\" content=\"2026-03-12T12:30:46+00:00\" \/>\n<meta property=\"og:image\" content=\"https:\/\/pensium.es\/wp-content\/uploads\/2022\/04\/Pensium-spot-tv-e1651417389321.jpg\" \/>\n\t<meta property=\"og:image:width\" content=\"945\" \/>\n\t<meta property=\"og:image:height\" content=\"473\" \/>\n\t<meta property=\"og:image:type\" content=\"image\/jpeg\" \/>\n<meta name=\"twitter:card\" content=\"summary_large_image\" \/>\n<meta name=\"twitter:image\" content=\"https:\/\/pensium.es\/wp-content\/uploads\/2022\/04\/Pensium-spot-tv-e1651417389321.jpg\" \/>\n<meta name=\"twitter:label1\" content=\"Tempo de lectura\" \/>\n\t<meta name=\"twitter:data1\" content=\"7 minutos\" \/>\n<script type=\"application\/ld+json\" class=\"yoast-schema-graph\">{\"@context\":\"https:\\\/\\\/schema.org\",\"@graph\":[{\"@type\":\"WebPage\",\"@id\":\"https:\\\/\\\/pensium.es\\\/gl\\\/quen-somos-2\\\/\",\"url\":\"https:\\\/\\\/pensium.es\\\/gl\\\/quen-somos-2\\\/\",\"name\":\"Pensium: Soluci\u00f3n para pagar la Residencia de Ancianos\",\"isPartOf\":{\"@id\":\"https:\\\/\\\/pensium.es\\\/gl\\\/#website\"},\"datePublished\":\"2026-03-12T12:29:39+00:00\",\"dateModified\":\"2026-03-12T12:30:46+00:00\",\"description\":\"Con Pensium su vivienda pagar\u00e1 el precio de la residencia de ancianos, manteniendo siempre la propiedad, sin hipotecas ni avales \u00a1Inf\u00f3rmese!\",\"breadcrumb\":{\"@id\":\"https:\\\/\\\/pensium.es\\\/gl\\\/quen-somos-2\\\/#breadcrumb\"},\"inLanguage\":\"gl-ES\",\"potentialAction\":[{\"@type\":\"ReadAction\",\"target\":[\"https:\\\/\\\/pensium.es\\\/gl\\\/quen-somos-2\\\/\"]}]},{\"@type\":\"BreadcrumbList\",\"@id\":\"https:\\\/\\\/pensium.es\\\/gl\\\/quen-somos-2\\\/#breadcrumb\",\"itemListElement\":[{\"@type\":\"ListItem\",\"position\":1,\"name\":\"Inicio\",\"item\":\"https:\\\/\\\/pensium.es\\\/gl\\\/\"},{\"@type\":\"ListItem\",\"position\":2,\"name\":\"Qui\u00e9nes somos\"}]},{\"@type\":\"WebSite\",\"@id\":\"https:\\\/\\\/pensium.es\\\/gl\\\/#website\",\"url\":\"https:\\\/\\\/pensium.es\\\/gl\\\/\",\"name\":\"Pensium\",\"description\":\"Pagar a residencia de maiores co pago anticipado do alugueiro\",\"potentialAction\":[{\"@type\":\"SearchAction\",\"target\":{\"@type\":\"EntryPoint\",\"urlTemplate\":\"https:\\\/\\\/pensium.es\\\/gl\\\/?s={search_term_string}\"},\"query-input\":{\"@type\":\"PropertyValueSpecification\",\"valueRequired\":true,\"valueName\":\"search_term_string\"}}],\"inLanguage\":\"gl-ES\"}]}<\/script>\n<!-- \/ Yoast SEO plugin. -->","yoast_head_json":{"title":"Pensium: Soluci\u00f3n para pagar la Residencia de Ancianos","description":"Con Pensium su vivienda pagar\u00e1 el precio de la residencia de ancianos, manteniendo siempre la propiedad, sin hipotecas ni avales \u00a1Inf\u00f3rmese!","robots":{"index":"index","follow":"follow","max-snippet":"max-snippet:-1","max-image-preview":"max-image-preview:large","max-video-preview":"max-video-preview:-1"},"canonical":"https:\/\/pensium.es\/gl\/quen-somos-2\/","og_locale":"gl_ES","og_type":"article","og_title":"Pensium: Soluci\u00f3n para pagar la Residencia de Ancianos","og_description":"Con Pensium su vivienda pagar\u00e1 el precio de la residencia de ancianos, manteniendo siempre la propiedad, sin hipotecas ni avales \u00a1Inf\u00f3rmese!","og_url":"https:\/\/pensium.es\/gl\/quen-somos-2\/","og_site_name":"Pensium","article_publisher":"https:\/\/www.facebook.com\/pensium.es\/","article_modified_time":"2026-03-12T12:30:46+00:00","og_image":[{"width":945,"height":473,"url":"https:\/\/pensium.es\/wp-content\/uploads\/2022\/04\/Pensium-spot-tv-e1651417389321.jpg","type":"image\/jpeg"}],"twitter_card":"summary_large_image","twitter_image":"https:\/\/pensium.es\/wp-content\/uploads\/2022\/04\/Pensium-spot-tv-e1651417389321.jpg","twitter_misc":{"Tempo de lectura":"7 minutos"},"schema":{"@context":"https:\/\/schema.org","@graph":[{"@type":"WebPage","@id":"https:\/\/pensium.es\/gl\/quen-somos-2\/","url":"https:\/\/pensium.es\/gl\/quen-somos-2\/","name":"Pensium: Soluci\u00f3n para pagar la Residencia de Ancianos","isPartOf":{"@id":"https:\/\/pensium.es\/gl\/#website"},"datePublished":"2026-03-12T12:29:39+00:00","dateModified":"2026-03-12T12:30:46+00:00","description":"Con Pensium su vivienda pagar\u00e1 el precio de la residencia de ancianos, manteniendo siempre la propiedad, sin hipotecas ni avales \u00a1Inf\u00f3rmese!","breadcrumb":{"@id":"https:\/\/pensium.es\/gl\/quen-somos-2\/#breadcrumb"},"inLanguage":"gl-ES","potentialAction":[{"@type":"ReadAction","target":["https:\/\/pensium.es\/gl\/quen-somos-2\/"]}]},{"@type":"BreadcrumbList","@id":"https:\/\/pensium.es\/gl\/quen-somos-2\/#breadcrumb","itemListElement":[{"@type":"ListItem","position":1,"name":"Inicio","item":"https:\/\/pensium.es\/gl\/"},{"@type":"ListItem","position":2,"name":"Qui\u00e9nes somos"}]},{"@type":"WebSite","@id":"https:\/\/pensium.es\/gl\/#website","url":"https:\/\/pensium.es\/gl\/","name":"Pensium","description":"Pagar a residencia de maiores co pago anticipado do alugueiro","potentialAction":[{"@type":"SearchAction","target":{"@type":"EntryPoint","urlTemplate":"https:\/\/pensium.es\/gl\/?s={search_term_string}"},"query-input":{"@type":"PropertyValueSpecification","valueRequired":true,"valueName":"search_term_string"}}],"inLanguage":"gl-ES"}]}},"_links":{"self":[{"href":"https:\/\/pensium.es\/gl\/wp-json\/wp\/v2\/pages\/18572","targetHints":{"allow":["GET"]}}],"collection":[{"href":"https:\/\/pensium.es\/gl\/wp-json\/wp\/v2\/pages"}],"about":[{"href":"https:\/\/pensium.es\/gl\/wp-json\/wp\/v2\/types\/page"}],"author":[{"embeddable":true,"href":"https:\/\/pensium.es\/gl\/wp-json\/wp\/v2\/users\/3"}],"replies":[{"embeddable":true,"href":"https:\/\/pensium.es\/gl\/wp-json\/wp\/v2\/comments?post=18572"}],"version-history":[{"count":2,"href":"https:\/\/pensium.es\/gl\/wp-json\/wp\/v2\/pages\/18572\/revisions"}],"predecessor-version":[{"id":18581,"href":"https:\/\/pensium.es\/gl\/wp-json\/wp\/v2\/pages\/18572\/revisions\/18581"}],"wp:attachment":[{"href":"https:\/\/pensium.es\/gl\/wp-json\/wp\/v2\/media?parent=18572"}],"curies":[{"name":"wp","href":"https:\/\/api.w.org\/{rel}","templated":true}]}}